{"id":315,"date":"2025-03-09T18:20:17","date_gmt":"2025-03-09T18:20:17","guid":{"rendered":"https:\/\/christianasinelli.org\/?page_id=315"},"modified":"2025-04-15T20:25:16","modified_gmt":"2025-04-15T20:25:16","slug":"biografia-christian-asinelli","status":"publish","type":"page","link":"https:\/\/christianasinelli.org\/index.php\/biografia-christian-asinelli\/","title":{"rendered":"Biografia Christian Asinelli"},"content":{"rendered":"<p>[et_pb_section fb_built=\u00bb1&#8243; custom_padding_last_edited=\u00bboff|desktop\u00bb admin_label=\u00bbAuthor Section\u00bb module_id=\u00bbbiografia\u00bb _builder_version=\u00bb4.27.4&#8243; background_color_gradient_direction=\u00bb90deg\u00bb parallax=\u00bbon\u00bb width=\u00bb90%\u00bb module_alignment=\u00bbcenter\u00bb custom_margin=\u00bb||0px||false|false\u00bb custom_margin_tablet=\u00bb0px|||\u00bb custom_margin_last_edited=\u00bboff|desktop\u00bb custom_padding=\u00bb||0px||false|false\u00bb custom_padding_tablet=\u00bb70px||120px|\u00bb global_colors_info=\u00bb{}\u00bb][et_pb_row use_custom_gutter=\u00bbon\u00bb gutter_width=\u00bb1&#8243; _builder_version=\u00bb4.27.4&#8243; width=\u00bb100%\u00bb max_width=\u00bb2560px\u00bb custom_margin=\u00bb0px||0px||false|false\u00bb custom_padding=\u00bb0px||0px||false|false\u00bb use_custom_width=\u00bbon\u00bb custom_width_px=\u00bb800px\u00bb locked=\u00bboff\u00bb global_colors_info=\u00bb{}\u00bb][et_pb_column type=\u00bb4_4&#8243; _builder_version=\u00bb4.16&#8243; custom_padding=\u00bb|||\u00bb global_colors_info=\u00bb{}\u00bb custom_padding__hover=\u00bb|||\u00bb][et_pb_gallery gallery_ids=\u00bb472,473,474,475,476,477,478,479,480,481,482,483,484,485,486,487,488,489,490&#8243; posts_number=\u00bb8&#8243; show_title_and_caption=\u00bboff\u00bb _builder_version=\u00bb4.27.4&#8243; _module_preset=\u00bbdefault\u00bb custom_margin=\u00bb||0px||false|false\u00bb custom_padding=\u00bb||0px||false|false\u00bb border_width_all=\u00bb3px\u00bb border_color_all=\u00bbRGBA(255,255,255,0)\u00bb global_colors_info=\u00bb{}\u00bb][\/et_pb_gallery][\/et_pb_column][\/et_pb_row][\/et_pb_section][et_pb_section fb_built=\u00bb1&#8243; _builder_version=\u00bb4.27.4&#8243; _module_preset=\u00bbdefault\u00bb custom_padding=\u00bb||||false|false\u00bb global_colors_info=\u00bb{}\u00bb][et_pb_row use_custom_gutter=\u00bbon\u00bb gutter_width=\u00bb1&#8243; make_equal=\u00bbon\u00bb _builder_version=\u00bb4.27.4&#8243; _module_preset=\u00bbdefault\u00bb width=\u00bb65%\u00bb max_width=\u00bb2560px\u00bb global_colors_info=\u00bb{}\u00bb][et_pb_column type=\u00bb4_4&#8243; _builder_version=\u00bb4.27.4&#8243; _module_preset=\u00bbdefault\u00bb global_colors_info=\u00bb{}\u00bb][et_pb_text _builder_version=\u00bb4.27.4&#8243; _module_preset=\u00bbdefault\u00bb width=\u00bb100%\u00bb module_alignment=\u00bbleft\u00bb custom_margin=\u00bb||||false|false\u00bb custom_padding=\u00bb||||false|false\u00bb global_colors_info=\u00bb{}\u00bb]<\/p>\n<p style=\"text-align: left;\"><strong>Christian Asinelli<\/strong><br \/>\u2022 Ciudad Aut\u00f3noma de Buenos Aires, 11 de octubre de 1975.<\/p>\n<p style=\"text-align: left;\">\u2022 Vicepresidente corporativo de Programaci\u00f3n Estrat\u00e9gica de CAF -banco de desarrollo de Am\u00e9rica Latina y el Caribe desde 2021.<br \/>\u2022 Subsecretario de Relaciones Financieras Internacionales para el Desarrollo en Presidencia de la Naci\u00f3n Argentina desde 2019 hasta 2021.<br \/>\u2022 Presidente de la Fundaci\u00f3n Banco Ciudad en 2019.<br \/>\u2022 Director corporativo de Desarrollo Institucional de CAF entre 2014 y 2017.<br \/>\u2022 Subsecretario de Evaluaci\u00f3n de Proyectos con Financiamiento Externo de la Naci\u00f3n Argentina entre 2011 y 2014.<br \/>\u2022 Exlegislador de la Ciudad Aut\u00f3noma de Buenos Aires entre 2007 y 2009.<br \/>\u2022 Director nacional del Proyecto de Modernizaci\u00f3n del Estado de 2006 a 2007.<br \/>\u2022 Doctor en Ciencia Pol\u00edtica por la Universidad Nacional de San Mart\u00edn, con sendos posgrados en Econom\u00eda Urbana por la Universidad Torcuato Di Tella (UTDT), Gesti\u00f3n Sociourbana por FLACSO, y Administraci\u00f3n y Pol\u00edticas P\u00fablicas por la Universidad de San Andr\u00e9s (UdeSA). Licenciado en Ciencias Pol\u00edticas por la Pontificia Universidad Cat\u00f3lica Argentina (UCA).<\/p>\n<p>[\/et_pb_text][\/et_pb_column][\/et_pb_row][\/et_pb_section][et_pb_section fb_built=\u00bb1&#8243; _builder_version=\u00bb4.27.4&#8243; _module_preset=\u00bbdefault\u00bb width=\u00bb90%\u00bb module_alignment=\u00bbcenter\u00bb border_width_left=\u00bb3px\u00bb global_colors_info=\u00bb{}\u00bb][et_pb_row use_custom_gutter=\u00bbon\u00bb gutter_width=\u00bb1&#8243; make_equal=\u00bbon\u00bb _builder_version=\u00bb4.27.4&#8243; _module_preset=\u00bbdefault\u00bb width=\u00bb98%\u00bb max_width=\u00bb2560px\u00bb module_alignment=\u00bbcenter\u00bb custom_margin=\u00bb||||false|false\u00bb custom_padding=\u00bb||0px||false|false\u00bb global_colors_info=\u00bb{}\u00bb][et_pb_column type=\u00bb4_4&#8243; _builder_version=\u00bb4.27.4&#8243; _module_preset=\u00bbdefault\u00bb border_width_right=\u00bb0px\u00bb global_colors_info=\u00bb{}\u00bb][et_pb_icon font_icon=\u00bb&#x5c;||divi||400&#8243; icon_color=\u00bb#0A0A0A\u00bb icon_width=\u00bb30px\u00bb align=\u00bbleft\u00bb _builder_version=\u00bb4.27.4&#8243; _module_preset=\u00bbdefault\u00bb custom_margin=\u00bb||||false|false\u00bb custom_padding=\u00bb||||false|false\u00bb scroll_horizontal_motion=\u00bb0|50|50|100|4|0|0&#8243; scroll_fade_enable=\u00bbon\u00bb scroll_fade=\u00bb0|50|60|100|0|100|0%\u00bb global_colors_info=\u00bb{}\u00bb][\/et_pb_icon][\/et_pb_column][\/et_pb_row][et_pb_row column_structure=\u00bb1_2,1_2&#8243; use_custom_gutter=\u00bbon\u00bb gutter_width=\u00bb2&#8243; make_equal=\u00bbon\u00bb _builder_version=\u00bb4.27.4&#8243; _module_preset=\u00bbdefault\u00bb width=\u00bb98%\u00bb max_width=\u00bb2560px\u00bb module_alignment=\u00bbcenter\u00bb custom_margin=\u00bb0px||0px||false|false\u00bb custom_padding=\u00bb0px||0px|30px|false|false\u00bb global_colors_info=\u00bb{}\u00bb][et_pb_column type=\u00bb1_2&#8243; _builder_version=\u00bb4.27.4&#8243; _module_preset=\u00bbdefault\u00bb border_width_right=\u00bb0px\u00bb global_colors_info=\u00bb{}\u00bb][et_pb_text _builder_version=\u00bb4.27.4&#8243; _module_preset=\u00bbdefault\u00bb width=\u00bb100%\u00bb module_alignment=\u00bbleft\u00bb custom_margin=\u00bb||||false|false\u00bb custom_padding=\u00bb||||false|false\u00bb scroll_fade_enable=\u00bbon\u00bb scroll_fade=\u00bb0|50|60|100|0|100|0%\u00bb global_colors_info=\u00bb{}\u00bb]<\/p>\n<h2>Trayectoria pol\u00edtica <\/h2>\n<p>[\/et_pb_text][et_pb_text _builder_version=\u00bb4.27.4&#8243; _module_preset=\u00bbdefault\u00bb width=\u00bb100%\u00bb module_alignment=\u00bbleft\u00bb custom_margin=\u00bb||||false|false\u00bb custom_padding=\u00bb||||false|false\u00bb scroll_fade_enable=\u00bbon\u00bb scroll_fade=\u00bb0|50|60|100|0|100|0%\u00bb global_colors_info=\u00bb{}\u00bb]<\/p>\n<p style=\"text-align: justify;\">En 2015 fui elegido Congresal Metropolitano del Partido Justicialista de la Ciudad Aut\u00f3noma de Buenos Aires, cargo en el que me desempe\u00f1\u00e9 hasta 2018. Entre 2009 y 2014, en tanto, ofici\u00e9 como vicepresidente segundo y miembro del Consejo Metropolitano del Partido. Y de 2007 a 2009 fui secretario general y miembro de ese Consejo.<\/p>\n<p style=\"text-align: justify;\">Desde 2005 hasta 2007 fui secretario de Relaciones Internacionales, miembro del Consejo Metropolitano y Congresal Nacional de la Juventud Peronista. Entre 1998 y 2000 fui vicepresidente de ese espacio y miembro del Consejo Metropolitano. Y de 1996 a 1998 me desempe\u00f1\u00e9 como consejero delegado de la Juventud Peronista.<\/p>\n<p>[\/et_pb_text][\/et_pb_column][et_pb_column type=\u00bb1_2&#8243; _builder_version=\u00bb4.27.4&#8243; _module_preset=\u00bbdefault\u00bb border_width_right=\u00bb0px\u00bb global_colors_info=\u00bb{}\u00bb][et_pb_text _builder_version=\u00bb4.27.4&#8243; _module_preset=\u00bbdefault\u00bb width=\u00bb100%\u00bb module_alignment=\u00bbleft\u00bb custom_margin=\u00bb||||false|false\u00bb custom_padding=\u00bb||||false|false\u00bb scroll_fade_enable=\u00bbon\u00bb scroll_fade=\u00bb0|50|60|100|0|100|0%\u00bb global_colors_info=\u00bb{}\u00bb]<\/p>\n<h2>Estudios<\/h2>\n<p>[\/et_pb_text][et_pb_text _builder_version=\u00bb4.27.4&#8243; _module_preset=\u00bbdefault\u00bb width=\u00bb100%\u00bb module_alignment=\u00bbleft\u00bb custom_margin=\u00bb||||false|false\u00bb custom_padding=\u00bb||||false|false\u00bb scroll_fade_enable=\u00bbon\u00bb scroll_fade=\u00bb0|50|60|100|0|100|0%\u00bb global_colors_info=\u00bb{}\u00bb]<\/p>\n<p style=\"text-align: justify;\">Fui becario del Hubert Humphrey Fellowship Program, del Programa Fullbright y del Programa Especial de Estudios Urbanos y Regionales del Instituto Tecnol\u00f3gico de Massachusetts.<\/p>\n<p style=\"text-align: justify;\">Adem\u00e1s, desde mayo de 2020 soy miembro del Consejo Ejecutivo de la Fullbright Association. Tambi\u00e9n soy parte, desde 2012, del Consejo Consultivo del Centro de Investigaciones sobre Pol\u00edtica Urbana y Vivienda de la Universidad Torcuato Di Tella. <\/p>\n<p>[\/et_pb_text][\/et_pb_column][\/et_pb_row][et_pb_row use_custom_gutter=\u00bbon\u00bb gutter_width=\u00bb1&#8243; make_equal=\u00bbon\u00bb _builder_version=\u00bb4.27.4&#8243; _module_preset=\u00bbdefault\u00bb width=\u00bb98%\u00bb max_width=\u00bb2560px\u00bb module_alignment=\u00bbcenter\u00bb custom_margin=\u00bb||||false|false\u00bb custom_padding=\u00bb||0px||false|false\u00bb global_colors_info=\u00bb{}\u00bb][et_pb_column type=\u00bb4_4&#8243; _builder_version=\u00bb4.27.4&#8243; _module_preset=\u00bbdefault\u00bb border_width_right=\u00bb0px\u00bb global_colors_info=\u00bb{}\u00bb][et_pb_icon font_icon=\u00bb&#x5c;||divi||400&#8243; icon_color=\u00bb#0A0A0A\u00bb icon_width=\u00bb30px\u00bb align=\u00bbleft\u00bb _builder_version=\u00bb4.27.4&#8243; _module_preset=\u00bbdefault\u00bb custom_margin=\u00bb||||false|false\u00bb custom_padding=\u00bb||||false|false\u00bb scroll_horizontal_motion=\u00bb0|50|50|100|4|0|0&#8243; scroll_fade_enable=\u00bbon\u00bb scroll_fade=\u00bb0|50|60|100|0|100|0%\u00bb global_colors_info=\u00bb{}\u00bb][\/et_pb_icon][\/et_pb_column][\/et_pb_row][et_pb_row column_structure=\u00bb1_2,1_2&#8243; use_custom_gutter=\u00bbon\u00bb gutter_width=\u00bb2&#8243; make_equal=\u00bbon\u00bb _builder_version=\u00bb4.27.4&#8243; _module_preset=\u00bbdefault\u00bb width=\u00bb98%\u00bb max_width=\u00bb2560px\u00bb module_alignment=\u00bbcenter\u00bb custom_margin=\u00bb0px||0px||false|false\u00bb custom_padding=\u00bb0px||0px|30px|false|false\u00bb global_colors_info=\u00bb{}\u00bb][et_pb_column type=\u00bb1_2&#8243; _builder_version=\u00bb4.27.4&#8243; _module_preset=\u00bbdefault\u00bb border_width_right=\u00bb0px\u00bb global_colors_info=\u00bb{}\u00bb][et_pb_text _builder_version=\u00bb4.27.4&#8243; _module_preset=\u00bbdefault\u00bb width=\u00bb100%\u00bb module_alignment=\u00bbleft\u00bb custom_margin=\u00bb||||false|false\u00bb custom_padding=\u00bb||||false|false\u00bb scroll_fade_enable=\u00bbon\u00bb scroll_fade=\u00bb0|50|60|100|0|100|0%\u00bb global_colors_info=\u00bb{}\u00bb]<\/p>\n<h2>Publicaciones<\/h2>\n<p>[\/et_pb_text][et_pb_text _builder_version=\u00bb4.27.4&#8243; _module_preset=\u00bbdefault\u00bb width=\u00bb100%\u00bb module_alignment=\u00bbleft\u00bb custom_margin=\u00bb||||false|false\u00bb custom_padding=\u00bb||||false|false\u00bb scroll_horizontal_motion=\u00bb0|50|50|100|1|0|0&#8243; scroll_fade_enable=\u00bbon\u00bb scroll_fade=\u00bb0|50|60|100|0|100|100&#8243; hover_enabled=\u00bb0&#8243; global_colors_info=\u00bb{}\u00bb sticky_enabled=\u00bb0&#8243;]<\/p>\n<p>\u2022<em> Claves para el desarrollo de Am\u00e9rica Latina y el Caribe: Acci\u00f3n colectiva, capacidades e integraci\u00f3n para el crecimiento <\/em>(2025).<\/p>\n<p>\u2022 \u878d\u8d44\u53d1\u5c55\u00a0 \u591a\u8fb9\u94f6\u884c\u5728\u62c9\u4e01\u7f8e\u6d32\u7684\u4f5c\u7528 (2025).<\/p>\n<p>\u2022 <em>Financing development: The role of multilateral banking in Latin America<\/em> (2024).<\/p>\n<p>\u2022 <em>Financiando el desarrollo: El rol de la banca multilateral en Am\u00e9rica Latina<\/em> (2021).<\/p>\n<p>\u2022 <em>Modernizaci\u00f3n del Estado Argentino: Pol\u00edticas, gesti\u00f3n y escenario profesional. Fondo Editorial del Consejo de Ciencias Econ\u00f3micas<\/em> (2015).<\/p>\n<p>\u2022 <em>Buenos Aires: La ciudad que tenemos, la ciudad que queremos<\/em> (2009).<\/p>\n<p>\u2022 <em>The Legislative Branches in the State Modernization: The Case of E-government in the City of Buenos Aires, en Perspectivas, Desaf\u00edos e Innovaciones en la Gesti\u00f3n P\u00fablica<\/em> (2008).<\/p>\n<p>\u2022 <em>Argentine State Modernization Process: Features and Differences of an Innovative and Selfcentered Thinking, en Perspectivas y Desaf\u00edos en la Gesti\u00f3n P\u00fablica<\/em> (2007).<\/p>\n<p>\u2022 <em>State Modernization in Argentina, en Modernizaci\u00f3n del Estado<\/em> (2006).<\/p>\n<p>[\/et_pb_text][\/et_pb_column][et_pb_column type=\u00bb1_2&#8243; _builder_version=\u00bb4.27.4&#8243; _module_preset=\u00bbdefault\u00bb border_width_right=\u00bb0px\u00bb global_colors_info=\u00bb{}\u00bb][et_pb_text _builder_version=\u00bb4.27.4&#8243; _module_preset=\u00bbdefault\u00bb width=\u00bb100%\u00bb module_alignment=\u00bbleft\u00bb custom_margin=\u00bb||||false|false\u00bb custom_padding=\u00bb||||false|false\u00bb scroll_fade_enable=\u00bbon\u00bb scroll_fade=\u00bb0|50|60|100|0|100|0%\u00bb global_colors_info=\u00bb{}\u00bb]<\/p>\n<h2>Reconocimientos<\/h2>\n<p>[\/et_pb_text][et_pb_text _builder_version=\u00bb4.27.4&#8243; _module_preset=\u00bbdefault\u00bb scroll_fade_enable=\u00bbon\u00bb scroll_fade=\u00bb0|50|60|100|0|100|0%\u00bb global_colors_info=\u00bb{}\u00bb]<\/p>\n<p>\u2022 Orden de Moraz\u00e1n otorgada por el gobierno de Honduras a personas que han contribuido al fortalecimiento de los lazos de hermandad, cooperaci\u00f3n y unidad entre los pueblos de Am\u00e9rica Latina (2025).<\/p>\n<p>\u2022 Orden de San Carlos por el aporte al desarrollo y las relaciones internacionales de Colombia, otorgado por el expresidente de la Naci\u00f3n, Iv\u00e1n Duque (2022).<\/p>\n<p>\u2022 Programa J\u00f3venes L\u00edderes de Am\u00e9rica por el Banco Interamericano de Desarrollo (BID) (1998).<\/p>\n<p>\u2022 Personnalit\u00e9s d\u2019avenir por el Ministerio de Relaciones Exteriores de Francia (2006).<\/p>\n<p>\u2022 Programa de L\u00edderes Emergentes por CAF -banco de desarrollo de Am\u00e9rica Latina (2012).<\/p>\n<p>\u2022 Programa de L\u00edderes Internacionales por el Ministerio de Relaciones Exteriores y de la Mancomunidad de Naciones (2015).<\/p>\n<p>[\/et_pb_text][\/et_pb_column][\/et_pb_row][\/et_pb_section][et_pb_section fb_built=\u00bb1&#8243; _builder_version=\u00bb4.27.4&#8243; _module_preset=\u00bbdefault\u00bb global_colors_info=\u00bb{}\u00bb][\/et_pb_section][et_pb_section fb_built=\u00bb1&#8243; _builder_version=\u00bb4.27.4&#8243; background_color=\u00bb#161616&#8243; global_module=\u00bb392&#8243; saved_tabs=\u00bball\u00bb global_colors_info=\u00bb{}\u00bb][et_pb_row column_structure=\u00bb1_3,1_3,1_3&#8243; use_custom_gutter=\u00bbon\u00bb gutter_width=\u00bb2&#8243; _builder_version=\u00bb4.16&#8243; width=\u00bb90%\u00bb max_width=\u00bb2557px\u00bb module_alignment=\u00bbcenter\u00bb custom_margin=\u00bb||||false|false\u00bb custom_padding=\u00bb||||false|false\u00bb global_colors_info=\u00bb{}\u00bb][et_pb_column type=\u00bb1_3&#8243; _builder_version=\u00bb4.16&#8243; global_colors_info=\u00bb{}\u00bb][et_pb_text _builder_version=\u00bb4.27.4&#8243; _module_preset=\u00bbdefault\u00bb text_font=\u00bb|700|||||||\u00bb text_text_color=\u00bb#FFFFFF\u00bb text_font_size=\u00bb26px\u00bb global_colors_info=\u00bb{}\u00bb]<\/p>\n<p>Christian Asinelli<\/p>\n<p>[\/et_pb_text][et_pb_social_media_follow icon_color=\u00bb#ffffff\u00bb _builder_version=\u00bb4.27.4&#8243; text_orientation=\u00bbleft\u00bb custom_margin=\u00bb||||false|false\u00bb filter_saturate=\u00bb33%\u00bb animation_style=\u00bbfade\u00bb global_colors_info=\u00bb{}\u00bb][et_pb_social_media_follow_network social_network=\u00bbfacebook\u00bb url=\u00bbhttps:\/\/www.facebook.com\/Chrisasinelli\/\u00bb _builder_version=\u00bb4.27.4&#8243; background_color=\u00bb#3b5998&#8243; global_colors_info=\u00bb{}\u00bb follow_button=\u00bboff\u00bb url_new_window=\u00bbon\u00bb]facebook[\/et_pb_social_media_follow_network][et_pb_social_media_follow_network social_network=\u00bbtwitter\u00bb url=\u00bbhttps:\/\/twitter.com\/chrisasinelli?lang=es\u00bb _builder_version=\u00bb4.22.2&#8243; background_color=\u00bb#000000&#8243; global_colors_info=\u00bb{}\u00bb follow_button=\u00bboff\u00bb url_new_window=\u00bbon\u00bb]twitter[\/et_pb_social_media_follow_network][et_pb_social_media_follow_network social_network=\u00bblinkedin\u00bb url=\u00bbhttps:\/\/www.linkedin.com\/in\/christian-asinelli\/\u00bb _builder_version=\u00bb4.16&#8243; background_color=\u00bb#007bb6&#8243; global_colors_info=\u00bb{}\u00bb follow_button=\u00bboff\u00bb url_new_window=\u00bbon\u00bb]linkedin[\/et_pb_social_media_follow_network][et_pb_social_media_follow_network social_network=\u00bbinstagram\u00bb url=\u00bbhttps:\/\/www.instagram.com\/chrisasinelli\/\u00bb _builder_version=\u00bb4.16&#8243; background_color=\u00bb#ea2c59&#8243; global_colors_info=\u00bb{}\u00bb follow_button=\u00bboff\u00bb url_new_window=\u00bbon\u00bb]instagram[\/et_pb_social_media_follow_network][\/et_pb_social_media_follow][\/et_pb_column][et_pb_column type=\u00bb1_3&#8243; _builder_version=\u00bb4.16&#8243; global_colors_info=\u00bb{}\u00bb][et_pb_signup mailchimp_list=\u00bbSlavaET|03dac884f0&#8243; first_name_field=\u00bboff\u00bb last_name_field=\u00bboff\u00bb title=\u00bbSuscribir al Newsletter\u00bb description=\u00bb<\/p>\n<p>Para recibir informacion de todas las actividades y presentaciones.<\/p>\n<p>\u00bb _builder_version=\u00bb4.27.4&#8243; header_font=\u00bbAbhaya Libre|700|||||||\u00bb header_font_size=\u00bb26px\u00bb header_line_height=\u00bb1.6em\u00bb body_font=\u00bb||||||||\u00bb body_font_size=\u00bb12px\u00bb body_line_height=\u00bb1.8em\u00bb use_background_color=\u00bboff\u00bb custom_button=\u00bbon\u00bb button_text_size=\u00bb14px\u00bb button_text_color=\u00bb#ffffff\u00bb button_bg_color=\u00bb#94a6bf\u00bb button_border_width=\u00bb8px\u00bb button_border_color=\u00bb#94a6bf\u00bb button_letter_spacing=\u00bb2px\u00bb button_font=\u00bbNunito|700||on|||||\u00bb button_use_icon=\u00bboff\u00bb custom_padding=\u00bb|||\u00bb animation_style=\u00bbfade\u00bb global_colors_info=\u00bb{}\u00bb button_text_size__hover_enabled=\u00bboff\u00bb button_one_text_size__hover_enabled=\u00bboff\u00bb button_two_text_size__hover_enabled=\u00bboff\u00bb button_text_color__hover_enabled=\u00bboff\u00bb button_one_text_color__hover_enabled=\u00bboff\u00bb button_two_text_color__hover_enabled=\u00bboff\u00bb button_border_width__hover_enabled=\u00bboff\u00bb button_one_border_width__hover_enabled=\u00bboff\u00bb button_two_border_width__hover_enabled=\u00bboff\u00bb button_border_color__hover_enabled=\u00bboff\u00bb button_one_border_color__hover_enabled=\u00bboff\u00bb button_two_border_color__hover_enabled=\u00bboff\u00bb button_border_radius__hover_enabled=\u00bboff\u00bb button_one_border_radius__hover_enabled=\u00bboff\u00bb button_two_border_radius__hover_enabled=\u00bboff\u00bb button_letter_spacing__hover_enabled=\u00bboff\u00bb button_one_letter_spacing__hover_enabled=\u00bboff\u00bb button_two_letter_spacing__hover_enabled=\u00bboff\u00bb button_bg_color__hover_enabled=\u00bboff\u00bb button_one_bg_color__hover_enabled=\u00bboff\u00bb button_two_bg_color__hover_enabled=\u00bboff\u00bb]Curabitur ultricies blandit nisi ut convallis. Integer in augue feugiat  laoreet risus. Etiam tempus lorem luctus hendrerit.[\/et_pb_signup][\/et_pb_column][et_pb_column type=\u00bb1_3&#8243; _builder_version=\u00bb4.16&#8243; global_colors_info=\u00bb{}\u00bb][et_pb_contact_form email=\u00bbasinellichristian@gmail.com\u00bb _builder_version=\u00bb4.27.4&#8243; _unique_id=\u00bb5046639d-670a-4bd5-8ba2-265d0399a814&#8243; custom_button=\u00bbon\u00bb custom_margin=\u00bb||||false|false\u00bb global_colors_info=\u00bb{}\u00bb][et_pb_contact_field field_id=\u00bbName\u00bb field_title=\u00bbNombre\u00bb _builder_version=\u00bb4.16&#8243; global_colors_info=\u00bb{}\u00bb button_text_size__hover_enabled=\u00bboff\u00bb button_one_text_size__hover_enabled=\u00bboff\u00bb button_two_text_size__hover_enabled=\u00bboff\u00bb button_text_color__hover_enabled=\u00bboff\u00bb button_one_text_color__hover_enabled=\u00bboff\u00bb button_two_text_color__hover_enabled=\u00bboff\u00bb button_border_width__hover_enabled=\u00bboff\u00bb button_one_border_width__hover_enabled=\u00bboff\u00bb button_two_border_width__hover_enabled=\u00bboff\u00bb button_border_color__hover_enabled=\u00bboff\u00bb button_one_border_color__hover_enabled=\u00bboff\u00bb button_two_border_color__hover_enabled=\u00bboff\u00bb button_border_radius__hover_enabled=\u00bboff\u00bb button_one_border_radius__hover_enabled=\u00bboff\u00bb button_two_border_radius__hover_enabled=\u00bboff\u00bb button_letter_spacing__hover_enabled=\u00bboff\u00bb button_one_letter_spacing__hover_enabled=\u00bboff\u00bb button_two_letter_spacing__hover_enabled=\u00bboff\u00bb button_bg_color__hover_enabled=\u00bboff\u00bb button_one_bg_color__hover_enabled=\u00bboff\u00bb button_two_bg_color__hover_enabled=\u00bboff\u00bb][\/et_pb_contact_field][et_pb_contact_field field_id=\u00bbEmail\u00bb field_title=\u00bbDirecci\u00f3n de correo electr\u00f3nico\u00bb field_type=\u00bbemail\u00bb _builder_version=\u00bb4.16&#8243; global_colors_info=\u00bb{}\u00bb button_text_size__hover_enabled=\u00bboff\u00bb button_one_text_size__hover_enabled=\u00bboff\u00bb button_two_text_size__hover_enabled=\u00bboff\u00bb button_text_color__hover_enabled=\u00bboff\u00bb button_one_text_color__hover_enabled=\u00bboff\u00bb button_two_text_color__hover_enabled=\u00bboff\u00bb button_border_width__hover_enabled=\u00bboff\u00bb button_one_border_width__hover_enabled=\u00bboff\u00bb button_two_border_width__hover_enabled=\u00bboff\u00bb button_border_color__hover_enabled=\u00bboff\u00bb button_one_border_color__hover_enabled=\u00bboff\u00bb button_two_border_color__hover_enabled=\u00bboff\u00bb button_border_radius__hover_enabled=\u00bboff\u00bb button_one_border_radius__hover_enabled=\u00bboff\u00bb button_two_border_radius__hover_enabled=\u00bboff\u00bb button_letter_spacing__hover_enabled=\u00bboff\u00bb button_one_letter_spacing__hover_enabled=\u00bboff\u00bb button_two_letter_spacing__hover_enabled=\u00bboff\u00bb button_bg_color__hover_enabled=\u00bboff\u00bb button_one_bg_color__hover_enabled=\u00bboff\u00bb button_two_bg_color__hover_enabled=\u00bboff\u00bb][\/et_pb_contact_field][et_pb_contact_field field_id=\u00bbMessage\u00bb field_title=\u00bbMensaje\u00bb field_type=\u00bbtext\u00bb fullwidth_field=\u00bbon\u00bb _builder_version=\u00bb4.16&#8243; global_colors_info=\u00bb{}\u00bb button_text_size__hover_enabled=\u00bboff\u00bb button_one_text_size__hover_enabled=\u00bboff\u00bb button_two_text_size__hover_enabled=\u00bboff\u00bb button_text_color__hover_enabled=\u00bboff\u00bb button_one_text_color__hover_enabled=\u00bboff\u00bb button_two_text_color__hover_enabled=\u00bboff\u00bb button_border_width__hover_enabled=\u00bboff\u00bb button_one_border_width__hover_enabled=\u00bboff\u00bb button_two_border_width__hover_enabled=\u00bboff\u00bb button_border_color__hover_enabled=\u00bboff\u00bb button_one_border_color__hover_enabled=\u00bboff\u00bb button_two_border_color__hover_enabled=\u00bboff\u00bb button_border_radius__hover_enabled=\u00bboff\u00bb button_one_border_radius__hover_enabled=\u00bboff\u00bb button_two_border_radius__hover_enabled=\u00bboff\u00bb button_letter_spacing__hover_enabled=\u00bboff\u00bb button_one_letter_spacing__hover_enabled=\u00bboff\u00bb button_two_letter_spacing__hover_enabled=\u00bboff\u00bb button_bg_color__hover_enabled=\u00bboff\u00bb button_one_bg_color__hover_enabled=\u00bboff\u00bb button_two_bg_color__hover_enabled=\u00bboff\u00bb][\/et_pb_contact_field][\/et_pb_contact_form][\/et_pb_column][\/et_pb_row][\/et_pb_section]<\/p>\n","protected":false},"excerpt":{"rendered":"<p>Christian Asinelli\u2022 Ciudad Aut\u00f3noma de Buenos Aires, 11 de octubre de 1975. \u2022 Vicepresidente corporativo de Programaci\u00f3n Estrat\u00e9gica de CAF -banco de desarrollo de Am\u00e9rica Latina y el Caribe desde 2021.\u2022 Subsecretario de Relaciones Financieras Internacionales para el Desarrollo en Presidencia de la Naci\u00f3n Argentina desde 2019 hasta 2021.\u2022 Presidente de la Fundaci\u00f3n Banco Ciudad [&hellip;]<\/p>\n","protected":false},"author":3,"featured_media":0,"parent":0,"menu_order":0,"comment_status":"closed","ping_status":"closed","template":"","meta":{"_et_pb_use_builder":"on","_et_pb_old_content":"","_et_gb_content_width":"","footnotes":""},"class_list":["post-315","page","type-page","status-publish","hentry"],"yoast_head":"<!-- This site is optimized with the Yoast SEO plugin v24.6 - https:\/\/yoast.com\/wordpress\/plugins\/seo\/ -->\n<title>Biografia Christian Asinelli - Christian Gonzalo Asinelli<\/title>\n<meta name=\"robots\" content=\"index, follow, max-snippet:-1, max-image-preview:large, max-video-preview:-1\" \/>\n<link rel=\"canonical\" href=\"https:\/\/christianasinelli.org\/index.php\/biografia-christian-asinelli\/\" \/>\n<meta property=\"og:locale\" content=\"es_ES\" \/>\n<meta property=\"og:type\" content=\"article\" \/>\n<meta property=\"og:title\" content=\"Biografia Christian Asinelli - Christian Gonzalo Asinelli\" \/>\n<meta property=\"og:description\" content=\"Christian Asinelli\u2022 Ciudad Aut\u00f3noma de Buenos Aires, 11 de octubre de 1975. \u2022 Vicepresidente corporativo de Programaci\u00f3n Estrat\u00e9gica de CAF -banco de desarrollo de Am\u00e9rica Latina y el Caribe desde 2021.\u2022 Subsecretario de Relaciones Financieras Internacionales para el Desarrollo en Presidencia de la Naci\u00f3n Argentina desde 2019 hasta 2021.\u2022 Presidente de la Fundaci\u00f3n Banco Ciudad [&hellip;]\" \/>\n<meta property=\"og:url\" content=\"https:\/\/christianasinelli.org\/index.php\/biografia-christian-asinelli\/\" \/>\n<meta property=\"og:site_name\" content=\"Christian Gonzalo Asinelli\" \/>\n<meta property=\"article:modified_time\" content=\"2025-04-15T20:25:16+00:00\" \/>\n<meta name=\"twitter:card\" content=\"summary_large_image\" \/>\n<meta name=\"twitter:label1\" content=\"Tiempo de lectura\" \/>\n\t<meta name=\"twitter:data1\" content=\"7 minutos\" \/>\n<script type=\"application\/ld+json\" class=\"yoast-schema-graph\">{\"@context\":\"https:\/\/schema.org\",\"@graph\":[{\"@type\":\"WebPage\",\"@id\":\"https:\/\/christianasinelli.org\/index.php\/biografia-christian-asinelli\/\",\"url\":\"https:\/\/christianasinelli.org\/index.php\/biografia-christian-asinelli\/\",\"name\":\"Biografia Christian Asinelli - Christian Gonzalo Asinelli\",\"isPartOf\":{\"@id\":\"https:\/\/christianasinelli.org\/#website\"},\"datePublished\":\"2025-03-09T18:20:17+00:00\",\"dateModified\":\"2025-04-15T20:25:16+00:00\",\"breadcrumb\":{\"@id\":\"https:\/\/christianasinelli.org\/index.php\/biografia-christian-asinelli\/#breadcrumb\"},\"inLanguage\":\"es\",\"potentialAction\":[{\"@type\":\"ReadAction\",\"target\":[\"https:\/\/christianasinelli.org\/index.php\/biografia-christian-asinelli\/\"]}]},{\"@type\":\"BreadcrumbList\",\"@id\":\"https:\/\/christianasinelli.org\/index.php\/biografia-christian-asinelli\/#breadcrumb\",\"itemListElement\":[{\"@type\":\"ListItem\",\"position\":1,\"name\":\"Portada\",\"item\":\"https:\/\/christianasinelli.org\/\"},{\"@type\":\"ListItem\",\"position\":2,\"name\":\"Biografia Christian Asinelli\"}]},{\"@type\":\"WebSite\",\"@id\":\"https:\/\/christianasinelli.org\/#website\",\"url\":\"https:\/\/christianasinelli.org\/\",\"name\":\"Christian Gonzalo Asinelli\",\"description\":\"Subsecretario de Relaciones Financiera Internacionales para el Desarrollo\",\"potentialAction\":[{\"@type\":\"SearchAction\",\"target\":{\"@type\":\"EntryPoint\",\"urlTemplate\":\"https:\/\/christianasinelli.org\/?s={search_term_string}\"},\"query-input\":{\"@type\":\"PropertyValueSpecification\",\"valueRequired\":true,\"valueName\":\"search_term_string\"}}],\"inLanguage\":\"es\"}]}<\/script>\n<!-- \/ Yoast SEO plugin. -->","yoast_head_json":{"title":"Biografia Christian Asinelli - Christian Gonzalo Asinelli","robots":{"index":"index","follow":"follow","max-snippet":"max-snippet:-1","max-image-preview":"max-image-preview:large","max-video-preview":"max-video-preview:-1"},"canonical":"https:\/\/christianasinelli.org\/index.php\/biografia-christian-asinelli\/","og_locale":"es_ES","og_type":"article","og_title":"Biografia Christian Asinelli - Christian Gonzalo Asinelli","og_description":"Christian Asinelli\u2022 Ciudad Aut\u00f3noma de Buenos Aires, 11 de octubre de 1975. \u2022 Vicepresidente corporativo de Programaci\u00f3n Estrat\u00e9gica de CAF -banco de desarrollo de Am\u00e9rica Latina y el Caribe desde 2021.\u2022 Subsecretario de Relaciones Financieras Internacionales para el Desarrollo en Presidencia de la Naci\u00f3n Argentina desde 2019 hasta 2021.\u2022 Presidente de la Fundaci\u00f3n Banco Ciudad [&hellip;]","og_url":"https:\/\/christianasinelli.org\/index.php\/biografia-christian-asinelli\/","og_site_name":"Christian Gonzalo Asinelli","article_modified_time":"2025-04-15T20:25:16+00:00","twitter_card":"summary_large_image","twitter_misc":{"Tiempo de lectura":"7 minutos"},"schema":{"@context":"https:\/\/schema.org","@graph":[{"@type":"WebPage","@id":"https:\/\/christianasinelli.org\/index.php\/biografia-christian-asinelli\/","url":"https:\/\/christianasinelli.org\/index.php\/biografia-christian-asinelli\/","name":"Biografia Christian Asinelli - Christian Gonzalo Asinelli","isPartOf":{"@id":"https:\/\/christianasinelli.org\/#website"},"datePublished":"2025-03-09T18:20:17+00:00","dateModified":"2025-04-15T20:25:16+00:00","breadcrumb":{"@id":"https:\/\/christianasinelli.org\/index.php\/biografia-christian-asinelli\/#breadcrumb"},"inLanguage":"es","potentialAction":[{"@type":"ReadAction","target":["https:\/\/christianasinelli.org\/index.php\/biografia-christian-asinelli\/"]}]},{"@type":"BreadcrumbList","@id":"https:\/\/christianasinelli.org\/index.php\/biografia-christian-asinelli\/#breadcrumb","itemListElement":[{"@type":"ListItem","position":1,"name":"Portada","item":"https:\/\/christianasinelli.org\/"},{"@type":"ListItem","position":2,"name":"Biografia Christian Asinelli"}]},{"@type":"WebSite","@id":"https:\/\/christianasinelli.org\/#website","url":"https:\/\/christianasinelli.org\/","name":"Christian Gonzalo Asinelli","description":"Subsecretario de Relaciones Financiera Internacionales para el Desarrollo","potentialAction":[{"@type":"SearchAction","target":{"@type":"EntryPoint","urlTemplate":"https:\/\/christianasinelli.org\/?s={search_term_string}"},"query-input":{"@type":"PropertyValueSpecification","valueRequired":true,"valueName":"search_term_string"}}],"inLanguage":"es"}]}},"_links":{"self":[{"href":"https:\/\/christianasinelli.org\/index.php\/wp-json\/wp\/v2\/pages\/315","targetHints":{"allow":["GET"]}}],"collection":[{"href":"https:\/\/christianasinelli.org\/index.php\/wp-json\/wp\/v2\/pages"}],"about":[{"href":"https:\/\/christianasinelli.org\/index.php\/wp-json\/wp\/v2\/types\/page"}],"author":[{"embeddable":true,"href":"https:\/\/christianasinelli.org\/index.php\/wp-json\/wp\/v2\/users\/3"}],"replies":[{"embeddable":true,"href":"https:\/\/christianasinelli.org\/index.php\/wp-json\/wp\/v2\/comments?post=315"}],"version-history":[{"count":48,"href":"https:\/\/christianasinelli.org\/index.php\/wp-json\/wp\/v2\/pages\/315\/revisions"}],"predecessor-version":[{"id":580,"href":"https:\/\/christianasinelli.org\/index.php\/wp-json\/wp\/v2\/pages\/315\/revisions\/580"}],"wp:attachment":[{"href":"https:\/\/christianasinelli.org\/index.php\/wp-json\/wp\/v2\/media?parent=315"}],"curies":[{"name":"wp","href":"https:\/\/api.w.org\/{rel}","templated":true}]}}