{"id":2,"date":"2019-08-30T19:57:32","date_gmt":"2019-08-30T19:57:32","guid":{"rendered":"https:\/\/christianasinelli.org\/?page_id=2"},"modified":"2025-05-01T03:00:22","modified_gmt":"2025-05-01T03:00:22","slug":"sample-page","status":"publish","type":"page","link":"https:\/\/christianasinelli.org\/","title":{"rendered":"Home"},"content":{"rendered":"<p>[et_pb_section fb_built=\u00bb1&#8243; fullwidth=\u00bbon\u00bb _builder_version=\u00bb4.27.4&#8243; _module_preset=\u00bbdefault\u00bb background_image=\u00bbhttps:\/\/christianasinelli.org\/wp-content\/uploads\/2025\/03\/CA001-web-scaled.jpg\u00bb background_position=\u00bbtop_left\u00bb background_last_edited=\u00bbon|desktop\u00bb parallax_tablet=\u00bboff\u00bb background_position_tablet=\u00bbcenter\u00bb background_position_phone=\u00bbtop_left\u00bb background_horizontal_offset_phone=\u00bb27%\u00bb custom_css_free_form=\u00bb.et_pb_slide {||    height: calc(100vh) !important;||}\u00bb global_colors_info=\u00bb{}\u00bb][et_pb_fullwidth_slider show_arrows=\u00bboff\u00bb show_pagination=\u00bboff\u00bb use_bg_overlay=\u00bboff\u00bb use_text_overlay=\u00bboff\u00bb _builder_version=\u00bb4.27.4&#8243; _module_preset=\u00bbdefault\u00bb background_color=\u00bbRGBA(255,255,255,0)\u00bb background_enable_image=\u00bboff\u00bb text_orientation=\u00bbright\u00bb global_colors_info=\u00bb{}\u00bb][et_pb_slide heading=\u00bbChristian Asinelli\u00bb use_bg_overlay=\u00bbon\u00bb use_text_overlay=\u00bboff\u00bb _builder_version=\u00bb4.27.4&#8243; _module_preset=\u00bbdefault\u00bb header_font_size=\u00bb54px\u00bb text_orientation=\u00bbright\u00bb global_colors_info=\u00bb{}\u00bb sticky_transition=\u00bbon\u00bb]<\/p>\n<p>&nbsp;<\/p>\n<p>&nbsp;<\/p>\n<p>[\/et_pb_slide][\/et_pb_fullwidth_slider][\/et_pb_section][et_pb_section fb_built=\u00bb1&#8243; _builder_version=\u00bb4.27.4&#8243; background_color=\u00bb#FFFFFF\u00bb max_width=\u00bb100%\u00bb global_colors_info=\u00bb{}\u00bb][et_pb_row column_structure=\u00bb1_3,1_3,1_3&#8243; use_custom_gutter=\u00bbon\u00bb gutter_width=\u00bb1&#8243; _builder_version=\u00bb4.27.4&#8243; width=\u00bb95%\u00bb max_width=\u00bb2560px\u00bb custom_margin=\u00bb||||false|false\u00bb custom_padding=\u00bb20px||5px||false|false\u00bb scroll_horizontal_motion=\u00bb0|50|50|100|1|0|0&#8243; locked=\u00bboff\u00bb global_colors_info=\u00bb{}\u00bb][et_pb_column type=\u00bb1_3&#8243; _builder_version=\u00bb4.16&#8243; global_colors_info=\u00bb{}\u00bb][et_pb_text _builder_version=\u00bb4.27.4&#8243; _module_preset=\u00bbdefault\u00bb text_text_color=\u00bb#7594c2&#8243; text_font_size=\u00bb16px\u00bb header_font=\u00bb|600|||||||\u00bb header_text_color=\u00bb#7594c2&#8243; custom_margin=\u00bb||50px||false|false\u00bb custom_padding=\u00bb|5%||5%|false|false\u00bb global_colors_info=\u00bb{}\u00bb]<\/p>\n<h1><em>Claves para el desarrollo de Am\u00e9rica Latina y el Caribe<br \/><\/em><\/h1>\n<p>&nbsp;<\/p>\n<p>\u00bfQu\u00e9 necesita Am\u00e9rica Latina y el Caribe para cerrar definitivamente sus brechas y crecer de manera equitativa? \u00bfC\u00f3mo puede la regi\u00f3n aprovechar todo su potencial para convertirse en un actor central en el escenario global? \u00bfCu\u00e1les son las claves para el desarrollo de sus pa\u00edses y las instituciones que los conforman?<\/p>\n<p>Este libro busca responder a la pregunta sobre qu\u00e9 falta, pero tambi\u00e9n qu\u00e9 se ha hecho hasta el momento para alcanzar el bienestar y el progreso de todos los latinoamericanos y caribe\u00f1os.<\/p>\n<p>[\/et_pb_text][\/et_pb_column][et_pb_column type=\u00bb1_3&#8243; _builder_version=\u00bb4.16&#8243; global_colors_info=\u00bb{}\u00bb][et_pb_text _builder_version=\u00bb4.27.4&#8243; _module_preset=\u00bbdefault\u00bb text_text_color=\u00bb#7594c2&#8243; text_font_size=\u00bb16px\u00bb header_font=\u00bb|600|||||||\u00bb header_text_color=\u00bb#7594c2&#8243; custom_margin=\u00bb||50px||false|false\u00bb custom_padding=\u00bb|5%||5%|false|false\u00bb global_colors_info=\u00bb{}\u00bb]<\/p>\n<p>A trav\u00e9s del repaso de hitos regionales como los hist\u00f3ricos acuerdos de integraci\u00f3n entre pa\u00edses, los esfuerzos de los organismos de desarrollo para crear un multilateralismo del siglo XXI y la innovaci\u00f3n registrada en \u00e1mbitos como el cuidado medioambiental y la generaci\u00f3n de capacidades<br \/>institucionales, entre muchos otros, Christian Asinelli traza las l\u00edneas de un mapa que busca entender el pasado, documentar el presente y contribuir a un futuro m\u00e1s inclusivo para toda la regi\u00f3n.<\/p>\n<p>Para ello, el autor propone una lectura por capas que promueve un entendimiento te\u00f3rico a la vez que pr\u00e1ctico, una mirada personal al mismo tiempo que colectiva \u2014centrada en la experiencia y conocimiento de expresidentes, un premio Nobel, un referente internacional del \u00e1mbito educativo y un representante de la ciencia y la tecnolog\u00eda\u2014 y un diagn\u00f3stico amplio pero espec\u00edfico \u2014que tiene en cuenta las urgencias e<br \/>idiosincrasias de cada pa\u00eds\u2014 sobre qu\u00e9, c\u00f3mo y a qu\u00e9 velocidad necesita la regi\u00f3n para crecer.<\/p>\n<p>[\/et_pb_text][\/et_pb_column][et_pb_column type=\u00bb1_3&#8243; _builder_version=\u00bb4.16&#8243; global_colors_info=\u00bb{}\u00bb][et_pb_image src=\u00bbhttps:\/\/christianasinelli.org\/wp-content\/uploads\/2025\/03\/CA-libro-05.jpg\u00bb title_text=\u00bbCA libro 05&#8243; _builder_version=\u00bb4.27.4&#8243; _module_preset=\u00bbdefault\u00bb global_colors_info=\u00bb{}\u00bb][\/et_pb_image][et_pb_button button_url=\u00bbhttps:\/\/www.penguinlibros.com\/ar\/995004-christian-asinelli\u00bb url_new_window=\u00bbon\u00bb button_text=\u00bbComprar\u00bb button_alignment=\u00bbcenter\u00bb _builder_version=\u00bb4.27.4&#8243; custom_button=\u00bbon\u00bb button_text_size=\u00bb14px\u00bb button_text_color=\u00bb#0c71c3&#8243; button_bg_color=\u00bb#ffffff\u00bb button_border_width=\u00bb2px\u00bb button_border_color=\u00bb#7594c2&#8243; background_layout=\u00bbdark\u00bb custom_margin=\u00bb||10px||false|false\u00bb custom_padding=\u00bb||||false|false\u00bb hover_enabled=\u00bb0&#8243; global_colors_info=\u00bb{}\u00bb sticky_enabled=\u00bb0&#8243;][\/et_pb_button][\/et_pb_column][\/et_pb_row][et_pb_row column_structure=\u00bb1_2,1_6,1_6,1_6&#8243; use_custom_gutter=\u00bbon\u00bb gutter_width=\u00bb1&#8243; _builder_version=\u00bb4.27.4&#8243; width=\u00bb95%\u00bb max_width=\u00bb2560px\u00bb custom_margin=\u00bb||||false|false\u00bb custom_padding=\u00bb20px||5px||false|false\u00bb scroll_horizontal_motion=\u00bb0|50|50|100|1|0|0&#8243; border_width_top=\u00bb1px\u00bb global_colors_info=\u00bb{}\u00bb][et_pb_column type=\u00bb1_2&#8243; _builder_version=\u00bb4.16&#8243; global_colors_info=\u00bb{}\u00bb][et_pb_text _builder_version=\u00bb4.27.4&#8243; _module_preset=\u00bbdefault\u00bb text_text_color=\u00bb#7594c2&#8243; text_font_size=\u00bb16px\u00bb header_font=\u00bb|600|||||||\u00bb header_text_color=\u00bb#7594c2&#8243; custom_margin=\u00bb||50px||false|false\u00bb custom_padding=\u00bb|5%||5%|false|false\u00bb global_colors_info=\u00bb{}\u00bb]<\/p>\n<h1><em>Financiando el desarrollo<\/em><\/h1>\n<p>&nbsp;<\/p>\n<p>\u00bfCu\u00e1l es el rol de la banca de desarrollo? \u00bfQu\u00e9 intereses se esconden detr\u00e1s de la negociaci\u00f3n entre gobiernos y bancos multilaterales al momento de aprobar operaciones de cr\u00e9dito? \u00bfLos bancos de desarrollo imponen sus cosmovisiones? \u00bfInfluye la orientaci\u00f3n pol\u00edtica de los gobiernos?<\/p>\n<p>Tres instituciones multilaterales -BID, Banco Mundial y CAF, Banco de Desarrollo de Am\u00e9rica Latina-, en diez pa\u00edses de Am\u00e9rica Latina -Argentina, Bolivia, Brasil, Chile, Colombia, Ecuador, Paraguay, Per\u00fa, Uruguay y Venezuela-, en la orientaci\u00f3n pol\u00edtica del gobierno -pro Estado\/promercado- <strong>para entender el comportamiento de bancos y gobiernos al encarar proyectos con financiamiento internacional.<\/strong><\/p>\n<p>[\/et_pb_text][\/et_pb_column][et_pb_column type=\u00bb1_6&#8243; _builder_version=\u00bb4.16&#8243; global_colors_info=\u00bb{}\u00bb][et_pb_image src=\u00bbhttps:\/\/christianasinelli.org\/wp-content\/uploads\/2025\/03\/CA-libro-02.jpg\u00bb title_text=\u00bbCA libro 02&#8243; _builder_version=\u00bb4.27.4&#8243; _module_preset=\u00bbdefault\u00bb global_colors_info=\u00bb{}\u00bb][\/et_pb_image][et_pb_text _builder_version=\u00bb4.27.4&#8243; _module_preset=\u00bbdefault\u00bb text_text_color=\u00bb#7594c2&#8243; text_font_size=\u00bb24px\u00bb custom_margin=\u00bb0px||||false|false\u00bb custom_padding=\u00bb0px||20px||false|false\u00bb global_colors_info=\u00bb{}\u00bb]<\/p>\n<p style=\"text-align: center;\">Espa\u00f1ol<\/p>\n<p>[\/et_pb_text][et_pb_button button_url=\u00bbhttps:\/\/www.edicionesdeldragon.com\/product-page\/financiando-el-desarrollo\u00bb url_new_window=\u00bbon\u00bb button_text=\u00bbComprar\u00bb button_alignment=\u00bbcenter\u00bb _builder_version=\u00bb4.27.4&#8243; custom_button=\u00bbon\u00bb button_text_size=\u00bb14px\u00bb button_text_color=\u00bb#0c71c3&#8243; button_bg_color=\u00bb#ffffff\u00bb button_border_width=\u00bb2px\u00bb button_border_color=\u00bb#7594c2&#8243; background_layout=\u00bbdark\u00bb custom_margin=\u00bb||10px||false|false\u00bb custom_padding=\u00bb||||false|false\u00bb global_colors_info=\u00bb{}\u00bb][\/et_pb_button][et_pb_button button_url=\u00bbhttps:\/\/www.amazon.com\/-\/es\/Christian-Asinelli\/dp\/B096ZY4X1D\u00bb url_new_window=\u00bbon\u00bb button_text=\u00bbAmazon\u00bb button_alignment=\u00bbcenter\u00bb _builder_version=\u00bb4.27.4&#8243; custom_button=\u00bbon\u00bb button_text_size=\u00bb15px\u00bb button_text_color=\u00bb#0a0a0a\u00bb button_bg_color=\u00bb#ffffff\u00bb button_border_color=\u00bb#e09900&#8243; button_font=\u00bb||||||||\u00bb background_layout=\u00bbdark\u00bb custom_margin=\u00bb||10px||false|false\u00bb global_colors_info=\u00bb{}\u00bb][\/et_pb_button][\/et_pb_column][et_pb_column type=\u00bb1_6&#8243; _builder_version=\u00bb4.16&#8243; global_colors_info=\u00bb{}\u00bb][et_pb_image src=\u00bbhttps:\/\/christianasinelli.org\/wp-content\/uploads\/2025\/03\/CA-libro-03.jpg\u00bb title_text=\u00bbCA libro 03&#8243; _builder_version=\u00bb4.27.4&#8243; _module_preset=\u00bbdefault\u00bb global_colors_info=\u00bb{}\u00bb][\/et_pb_image][et_pb_text _builder_version=\u00bb4.27.4&#8243; _module_preset=\u00bbdefault\u00bb text_text_color=\u00bb#7594c2&#8243; text_font_size=\u00bb24px\u00bb custom_margin=\u00bb0px||||false|false\u00bb custom_padding=\u00bb0px||20px||false|false\u00bb global_colors_info=\u00bb{}\u00bb]<\/p>\n<p style=\"text-align: center;\">Ingles<\/p>\n<p>[\/et_pb_text][et_pb_button button_url=\u00bbhttps:\/\/www.casadellibro.com\/ebook-financing-development-ebook\/9786319055221\/16685695&#8243; url_new_window=\u00bbon\u00bb button_text=\u00bbComprar\u00bb button_alignment=\u00bbcenter\u00bb _builder_version=\u00bb4.27.4&#8243; custom_button=\u00bbon\u00bb button_text_size=\u00bb14px\u00bb button_text_color=\u00bb#0c71c3&#8243; button_bg_color=\u00bb#ffffff\u00bb button_border_width=\u00bb2px\u00bb button_border_color=\u00bb#7594c2&#8243; background_layout=\u00bbdark\u00bb custom_margin=\u00bb||10px||false|false\u00bb custom_padding=\u00bb||||false|false\u00bb global_colors_info=\u00bb{}\u00bb][\/et_pb_button][et_pb_button button_url=\u00bbhttps:\/\/books.apple.com\/ar\/book\/financing-development\/id6741075126&#8243; url_new_window=\u00bbon\u00bb button_text=\u00bbBooks Apple\u00bb button_alignment=\u00bbcenter\u00bb _builder_version=\u00bb4.27.4&#8243; custom_button=\u00bbon\u00bb button_text_size=\u00bb14px\u00bb button_text_color=\u00bb#0c71c3&#8243; button_bg_color=\u00bb#ffffff\u00bb button_border_width=\u00bb2px\u00bb button_border_color=\u00bb#7594c2&#8243; background_layout=\u00bbdark\u00bb custom_margin=\u00bb||10px||false|false\u00bb custom_padding=\u00bb||||false|false\u00bb global_colors_info=\u00bb{}\u00bb][\/et_pb_button][\/et_pb_column][et_pb_column type=\u00bb1_6&#8243; _builder_version=\u00bb4.16&#8243; global_colors_info=\u00bb{}\u00bb][et_pb_image src=\u00bbhttps:\/\/christianasinelli.org\/wp-content\/uploads\/2025\/03\/CA-libro-01.jpg\u00bb title_text=\u00bbCA libro 01&#8243; _builder_version=\u00bb4.27.4&#8243; _module_preset=\u00bbdefault\u00bb global_colors_info=\u00bb{}\u00bb][\/et_pb_image][et_pb_text _builder_version=\u00bb4.27.4&#8243; _module_preset=\u00bbdefault\u00bb text_text_color=\u00bb#7594c2&#8243; text_font_size=\u00bb24px\u00bb custom_margin=\u00bb0px||||false|false\u00bb custom_padding=\u00bb0px||20px||false|false\u00bb global_colors_info=\u00bb{}\u00bb]<\/p>\n<p style=\"text-align: center;\">Chino<\/p>\n<p>[\/et_pb_text][\/et_pb_column][\/et_pb_row][et_pb_row column_structure=\u00bb1_4,1_4,1_4,1_4&#8243; use_custom_gutter=\u00bbon\u00bb gutter_width=\u00bb1&#8243; _builder_version=\u00bb4.27.4&#8243; width=\u00bb95%\u00bb max_width=\u00bb2560px\u00bb custom_margin=\u00bb||||false|false\u00bb custom_padding=\u00bb20px||5px||false|false\u00bb border_width_top=\u00bb1px\u00bb global_colors_info=\u00bb{}\u00bb][et_pb_column type=\u00bb1_4&#8243; _builder_version=\u00bb4.16&#8243; global_colors_info=\u00bb{}\u00bb][et_pb_text _builder_version=\u00bb4.27.4&#8243; _module_preset=\u00bbdefault\u00bb text_text_color=\u00bb#7594c2&#8243; text_font_size=\u00bb16px\u00bb header_font=\u00bb|600|||||||\u00bb header_text_color=\u00bb#7594c2&#8243; header_3_text_color=\u00bb#7594c2&#8243; custom_margin=\u00bb||50px||false|false\u00bb custom_padding=\u00bb|5%||5%|false|false\u00bb global_colors_info=\u00bb{}\u00bb]<\/p>\n<h1><i>Modernizaci\u00f3n del Estado Argentino<\/i><\/h1>\n<h3>\u00abPol\u00edticas, gesti\u00f3n y escenario profesional\u00bb<\/h3>\n<p>&nbsp;<\/p>\n<p>Desde finales de la d\u00e9cada del ochenta, buena parte de los pa\u00edses del mundo emprendieron ambiciosos programas de reforma en las relaciones entre los Estados y sus sociedades. El denominador com\u00fan, ha sido la presi\u00f3n fiscal y el achicamiento del aparato estatal&#8230;\u00bb<strong><\/strong><\/p>\n<p>[\/et_pb_text][\/et_pb_column][et_pb_column type=\u00bb1_4&#8243; _builder_version=\u00bb4.16&#8243; global_colors_info=\u00bb{}\u00bb][et_pb_image src=\u00bbhttps:\/\/christianasinelli.org\/wp-content\/uploads\/2025\/03\/CA-libro-04.jpg\u00bb title_text=\u00bbCA libro 04&#8243; _builder_version=\u00bb4.27.4&#8243; _module_preset=\u00bbdefault\u00bb global_colors_info=\u00bb{}\u00bb][\/et_pb_image][et_pb_text _builder_version=\u00bb4.27.4&#8243; _module_preset=\u00bbdefault\u00bb text_text_color=\u00bb#7594c2&#8243; text_font_size=\u00bb24px\u00bb custom_margin=\u00bb0px||||false|false\u00bb custom_padding=\u00bb0px||20px||false|false\u00bb global_colors_info=\u00bb{}\u00bb]<\/p>\n<p style=\"text-align: center;\">Espa\u00f1ol<\/p>\n<p>[\/et_pb_text][et_pb_button button_url=\u00bbhttps:\/\/edicon.consejo.org.ar\/producto\/modernizacion-del-estado-argentino\/\u00bb url_new_window=\u00bbon\u00bb button_text=\u00bbComprar\u00bb button_alignment=\u00bbcenter\u00bb _builder_version=\u00bb4.27.4&#8243; custom_button=\u00bbon\u00bb button_text_size=\u00bb14px\u00bb button_text_color=\u00bb#0c71c3&#8243; button_bg_color=\u00bb#ffffff\u00bb button_border_width=\u00bb2px\u00bb button_border_color=\u00bb#7594c2&#8243; background_layout=\u00bbdark\u00bb custom_margin=\u00bb||10px||false|false\u00bb custom_padding=\u00bb||||false|false\u00bb global_colors_info=\u00bb{}\u00bb][\/et_pb_button][\/et_pb_column][et_pb_column type=\u00bb1_4&#8243; _builder_version=\u00bb4.16&#8243; global_colors_info=\u00bb{}\u00bb][et_pb_text _builder_version=\u00bb4.27.4&#8243; _module_preset=\u00bbdefault\u00bb text_text_color=\u00bb#7594c2&#8243; text_font_size=\u00bb16px\u00bb header_font=\u00bb|600|||||||\u00bb header_text_color=\u00bb#7594c2&#8243; header_3_text_color=\u00bb#7594c2&#8243; custom_margin=\u00bb||50px||false|false\u00bb custom_padding=\u00bb|5%||5%|false|false\u00bb global_colors_info=\u00bb{}\u00bb]<\/p>\n<h1><i>Buenos Aires<\/i><\/h1>\n<h3><i>La ciudad que tenemos, la ciudad que queremos<\/i> (2009)<\/h3>\n<p>&nbsp;<\/p>\n<p>Balance de gesti\u00f3n 2008 &#8211; 2009<\/p>\n<div class=\"et_fb_editing_enabled et-module-5e102167-2be0-4ac7-9330-fe5a2eadf475 et_pb_text et_pb_module ui-sortable et_pb_text_5 et-animated--vb et_pb_text_align_center et_pb_bg_layout_light et-fb-module--short et-fb-module--first-order et-first-child\" data-address=\"2.0.0.0\" dynamic=\"[object Object]\" matching=\"[object Object]\" parent_slug=\"et_pb_column\" theme_builder_suffix=\"\" wp_editor_suffix=\"\" wrapper_settings=\"[object Object]\" _key=\"5e102167-2be0-4ac7-9330-fe5a2eadf475\">\n<div class=\"et_pb_text_inner\">\n<div data-shortcode-id=\"2.0.0.0-1742264854528\" data-quickaccess-editable=\"yes\" class=\"et-fb-popover-tinymce\"><span id=\"monica-writing-entry-btn-root\" style=\"position: absolute; left: 0px; top: 0px; pointer-events: none;\"><\/span><\/div>\n<\/div>\n<div class=\"et-fb-quick-access\">\n<div class=\"et-fb-quick-access__indicator et-fb-quick-access__indicator--animated\" data-quickaccess-item=\"true\" data-quickaccess-id=\"header\" data-quickaccess-order=\"10\" data-quickaccess-key=\"header-0\" data-address=\"2.0.0.0\" data-quickaccess-editable=\"true\" style=\"top: 10px; left: 0px;\">\n<div class=\"et-fb-quick-access__indicator__item\" style=\"transform: scale(1);\">\n<div class=\"et-fb-icon et-fb-icon--paint-brush\" style=\"fill: #ffffff; width: 16px; min-width: 16px; height: 16px; margin: 0px;\"><svg viewbox=\"0 0 28 28\" preserveaspectratio=\"xMidYMid meet\" shape-rendering=\"geometricPrecision\"><g><path d=\"M12.635 16.21c-.907-.787.159-3.439 2.38-5.92 2.22-2.482 4.756-3.855 5.663-3.068s-.16 3.44-2.38 5.922c-2.223 2.482-4.757 3.854-5.663 3.066zm.254 2.022a2.133 2.133 0 0 1-.7 1.718c-1.458 1.446-3.712 1.274-4.9.242a.84.84 0 0 1-.287-.576.844.844 0 0 1 .796-.89h.01c.077.001.553-.008.716-.513.009-.123.026-.242.054-.36a2.182 2.182 0 0 1 1.988-1.639c1.208-.073 2.247.83 2.323 2.018z\" fill-rule=\"evenodd\"><\/path><\/g><\/svg><\/div>\n<\/div>\n<\/div>\n<div class=\"et-fb-quick-access__indicator et-fb-quick-access__indicator--animated\" data-quickaccess-item=\"true\" data-quickaccess-id=\"text\" data-quickaccess-order=\"10\" data-quickaccess-key=\"text-1\" data-address=\"2.0.0.0\" data-quickaccess-editable=\"true\" style=\"top: 87.2px; left: 0px;\">\n<div class=\"et-fb-quick-access__indicator__item\" style=\"transform: scale(1);\">\n<div class=\"et-fb-icon et-fb-icon--paint-brush\" style=\"fill: #ffffff; width: 16px; min-width: 16px; height: 16px; margin: 0px;\"><\/div>\n<\/div>\n<\/div>\n<\/div>\n<\/div>\n<p>[\/et_pb_text][\/et_pb_column][et_pb_column type=\u00bb1_4&#8243; _builder_version=\u00bb4.16&#8243; global_colors_info=\u00bb{}\u00bb][et_pb_image src=\u00bbhttps:\/\/christianasinelli.org\/wp-content\/uploads\/2025\/03\/CA-libro-06.jpg\u00bb title_text=\u00bbCA libro 06&#8243; _builder_version=\u00bb4.27.4&#8243; _module_preset=\u00bbdefault\u00bb global_colors_info=\u00bb{}\u00bb][\/et_pb_image][et_pb_text _builder_version=\u00bb4.27.4&#8243; _module_preset=\u00bbdefault\u00bb text_text_color=\u00bb#7594c2&#8243; text_font_size=\u00bb24px\u00bb custom_margin=\u00bb0px||||false|false\u00bb custom_padding=\u00bb0px||20px||false|false\u00bb global_colors_info=\u00bb{}\u00bb]<\/p>\n<p style=\"text-align: center;\">Espa\u00f1ol<\/p>\n<p>[\/et_pb_text][\/et_pb_column][\/et_pb_row][\/et_pb_section][et_pb_section fb_built=\u00bb1&#8243; admin_label=\u00bbMy Books Section\u00bb _builder_version=\u00bb4.16&#8243; use_background_color_gradient=\u00bbon\u00bb background_color_gradient_stops=\u00bb#f4f4f4 0%|#ffffff 100%\u00bb background_color_gradient_start=\u00bb#f4f4f4&#8243; background_color_gradient_end=\u00bb#ffffff\u00bb custom_padding=\u00bb62px||100px|||\u00bb global_colors_info=\u00bb{}\u00bb][et_pb_row use_custom_gutter=\u00bbon\u00bb gutter_width=\u00bb1&#8243; _builder_version=\u00bb4.27.4&#8243; width=\u00bb95%\u00bb max_width=\u00bb2560px\u00bb global_colors_info=\u00bb{}\u00bb][et_pb_column type=\u00bb4_4&#8243; _builder_version=\u00bb4.16&#8243; global_colors_info=\u00bb{}\u00bb][et_pb_code _builder_version=\u00bb4.27.4&#8243; global_colors_info=\u00bb{}\u00bb]\n<div id=\"sb_instagram\"  class=\"sbi sbi_mob_col_1 sbi_tab_col_2 sbi_col_4 sbi_width_resp\" style=\"padding-bottom: 6px;\"\t data-feedid=\"*1\"  data-res=\"auto\" data-cols=\"4\" data-colsmobile=\"1\" data-colstablet=\"2\" data-num=\"8\" data-nummobile=\"8\" data-item-padding=\"3\"\t data-shortcode-atts=\"{&quot;feed&quot;:&quot;1&quot;}\"  data-postid=\"2\" data-locatornonce=\"88e4f30de4\" data-imageaspectratio=\"1:1\" data-sbi-flags=\"favorLocal\">\n\t<div class=\"sb_instagram_header \"   >\n\t<a class=\"sbi_header_link\" target=\"_blank\"\n\t   rel=\"nofollow noopener\" href=\"https:\/\/www.instagram.com\/chrisasinelli\/\" title=\"@chrisasinelli\">\n\t\t<div class=\"sbi_header_text sbi_no_bio\">\n\t\t\t<div class=\"sbi_header_img\"  data-avatar-url=\"https:\/\/scontent.cdninstagram.com\/v\/t51.82787-19\/671817203_18432529348188612_1414812583739039283_n.jpg?stp=dst-jpg_s206x206_tt6&amp;_nc_cat=110&amp;ccb=7-5&amp;_nc_sid=bf7eb4&amp;efg=eyJ2ZW5jb2RlX3RhZyI6InByb2ZpbGVfcGljLnd3dy42OTEuQzMifQ%3D%3D&amp;_nc_ohc=asu4-GKW4y4Q7kNvwFLtKXY&amp;_nc_oc=AdoRTH91vFx99fZ4E4WMZzTW8ztsCVTcimNDypaZ0OaMKCGcPWtT1JQHCfvuMIzLTo0&amp;_nc_zt=24&amp;_nc_ht=scontent.cdninstagram.com&amp;edm=AP4hL3IEAAAA&amp;_nc_gid=Jx8FEZxhMvGyyaj7uBqUAA&amp;_nc_tpa=Q5bMBQG8DiMu9TDoAOHMnOgHo9woRoHVIy2xEeEg4FkItSJUmaZr6geNtPelUyqxcG2ZHOwWUFwgMzuxEw&amp;oh=00_Af6YLr-58p5J_n_mIzB-NYTZHpY93h0j0x5pQSRkasaRFQ&amp;oe=69FA85E2\">\n\t\t\t\t\t\t\t\t\t<div class=\"sbi_header_img_hover\"  ><svg class=\"sbi_new_logo fa-instagram fa-w-14\" aria-hidden=\"true\" data-fa-processed=\"\" aria-label=\"Instagram\" data-prefix=\"fab\" data-icon=\"instagram\" role=\"img\" viewBox=\"0 0 448 512\">\n                    <path fill=\"currentColor\" d=\"M224.1 141c-63.6 0-114.9 51.3-114.9 114.9s51.3 114.9 114.9 114.9S339 319.5 339 255.9 287.7 141 224.1 141zm0 189.6c-41.1 0-74.7-33.5-74.7-74.7s33.5-74.7 74.7-74.7 74.7 33.5 74.7 74.7-33.6 74.7-74.7 74.7zm146.4-194.3c0 14.9-12 26.8-26.8 26.8-14.9 0-26.8-12-26.8-26.8s12-26.8 26.8-26.8 26.8 12 26.8 26.8zm76.1 27.2c-1.7-35.9-9.9-67.7-36.2-93.9-26.2-26.2-58-34.4-93.9-36.2-37-2.1-147.9-2.1-184.9 0-35.8 1.7-67.6 9.9-93.9 36.1s-34.4 58-36.2 93.9c-2.1 37-2.1 147.9 0 184.9 1.7 35.9 9.9 67.7 36.2 93.9s58 34.4 93.9 36.2c37 2.1 147.9 2.1 184.9 0 35.9-1.7 67.7-9.9 93.9-36.2 26.2-26.2 34.4-58 36.2-93.9 2.1-37 2.1-147.8 0-184.8zM398.8 388c-7.8 19.6-22.9 34.7-42.6 42.6-29.5 11.7-99.5 9-132.1 9s-102.7 2.6-132.1-9c-19.6-7.8-34.7-22.9-42.6-42.6-11.7-29.5-9-99.5-9-132.1s-2.6-102.7 9-132.1c7.8-19.6 22.9-34.7 42.6-42.6 29.5-11.7 99.5-9 132.1-9s102.7-2.6 132.1 9c19.6 7.8 34.7 22.9 42.6 42.6 11.7 29.5 9 99.5 9 132.1s2.7 102.7-9 132.1z\"><\/path>\n                <\/svg><\/div>\n\t\t\t\t\t<img loading=\"lazy\" decoding=\"async\"  src=\"https:\/\/christianasinelli.org\/wp-content\/uploads\/2021\/06\/WhatsApp-Image-2021-06-14-at-16.25.08-1.jpeg\" alt=\"\" width=\"50\" height=\"50\">\n\t\t\t\t\n\t\t\t\t\t\t\t<\/div>\n\n\t\t\t<div class=\"sbi_feedtheme_header_text\">\n\t\t\t\t<h3>chrisasinelli<\/h3>\n\t\t\t\t\t\t\t<\/div>\n\t\t<\/div>\n\t<\/a>\n<\/div>\n\n\t<div id=\"sbi_images\"  style=\"gap: 6px;\">\n\t\t<div class=\"sbi_item sbi_type_carousel sbi_new sbi_transition\"\n\tid=\"sbi_17994372245950846\" data-date=\"1777571189\">\n\t<div class=\"sbi_photo_wrap\">\n\t\t<a class=\"sbi_photo\" href=\"https:\/\/www.instagram.com\/p\/DXw8N5MCeAR\/\" target=\"_blank\" rel=\"noopener nofollow\"\n\t\t\tdata-full-res=\"https:\/\/scontent.cdninstagram.com\/v\/t51.82787-15\/685226434_18433417528188612_4202778414520778926_n.jpg?stp=dst-jpg_e35_tt6&#038;_nc_cat=103&#038;ccb=7-5&#038;_nc_sid=18de74&#038;efg=eyJlZmdfdGFnIjoiQ0FST1VTRUxfSVRFTS5iZXN0X2ltYWdlX3VybGdlbi5DMyJ9&#038;_nc_ohc=1pDuLugR51sQ7kNvwFnQLfI&#038;_nc_oc=AdphhRPeWbFyoh2na224xsw-o5mcdCkcYPiVR6z250mv3_hp95c4wZL_4SYmwQzkhug&#038;_nc_zt=23&#038;_nc_ht=scontent.cdninstagram.com&#038;edm=ANo9K5cEAAAA&#038;_nc_gid=8x6EVTY8t11JpKoycl6AHg&#038;_nc_tpa=Q5bMBQFTzcOlQLCztLaRMG0w5PRVebOd1aSvrkS7oZGT1aUS4plr4atNuSOgsdHhwWj3y0P-qD3nPIzkkw&#038;oh=00_Af5048o3gSacCBpj-95qWdcoy9DfK7-eP9QN2wg2NroBEA&#038;oe=69FA6BA9\"\n\t\t\tdata-img-src-set=\"{&quot;d&quot;:&quot;https:\\\/\\\/scontent.cdninstagram.com\\\/v\\\/t51.82787-15\\\/685226434_18433417528188612_4202778414520778926_n.jpg?stp=dst-jpg_e35_tt6&amp;_nc_cat=103&amp;ccb=7-5&amp;_nc_sid=18de74&amp;efg=eyJlZmdfdGFnIjoiQ0FST1VTRUxfSVRFTS5iZXN0X2ltYWdlX3VybGdlbi5DMyJ9&amp;_nc_ohc=1pDuLugR51sQ7kNvwFnQLfI&amp;_nc_oc=AdphhRPeWbFyoh2na224xsw-o5mcdCkcYPiVR6z250mv3_hp95c4wZL_4SYmwQzkhug&amp;_nc_zt=23&amp;_nc_ht=scontent.cdninstagram.com&amp;edm=ANo9K5cEAAAA&amp;_nc_gid=8x6EVTY8t11JpKoycl6AHg&amp;_nc_tpa=Q5bMBQFTzcOlQLCztLaRMG0w5PRVebOd1aSvrkS7oZGT1aUS4plr4atNuSOgsdHhwWj3y0P-qD3nPIzkkw&amp;oh=00_Af5048o3gSacCBpj-95qWdcoy9DfK7-eP9QN2wg2NroBEA&amp;oe=69FA6BA9&quot;,&quot;150&quot;:&quot;https:\\\/\\\/scontent.cdninstagram.com\\\/v\\\/t51.82787-15\\\/685226434_18433417528188612_4202778414520778926_n.jpg?stp=dst-jpg_e35_tt6&amp;_nc_cat=103&amp;ccb=7-5&amp;_nc_sid=18de74&amp;efg=eyJlZmdfdGFnIjoiQ0FST1VTRUxfSVRFTS5iZXN0X2ltYWdlX3VybGdlbi5DMyJ9&amp;_nc_ohc=1pDuLugR51sQ7kNvwFnQLfI&amp;_nc_oc=AdphhRPeWbFyoh2na224xsw-o5mcdCkcYPiVR6z250mv3_hp95c4wZL_4SYmwQzkhug&amp;_nc_zt=23&amp;_nc_ht=scontent.cdninstagram.com&amp;edm=ANo9K5cEAAAA&amp;_nc_gid=8x6EVTY8t11JpKoycl6AHg&amp;_nc_tpa=Q5bMBQFTzcOlQLCztLaRMG0w5PRVebOd1aSvrkS7oZGT1aUS4plr4atNuSOgsdHhwWj3y0P-qD3nPIzkkw&amp;oh=00_Af5048o3gSacCBpj-95qWdcoy9DfK7-eP9QN2wg2NroBEA&amp;oe=69FA6BA9&quot;,&quot;320&quot;:&quot;https:\\\/\\\/scontent.cdninstagram.com\\\/v\\\/t51.82787-15\\\/685226434_18433417528188612_4202778414520778926_n.jpg?stp=dst-jpg_e35_tt6&amp;_nc_cat=103&amp;ccb=7-5&amp;_nc_sid=18de74&amp;efg=eyJlZmdfdGFnIjoiQ0FST1VTRUxfSVRFTS5iZXN0X2ltYWdlX3VybGdlbi5DMyJ9&amp;_nc_ohc=1pDuLugR51sQ7kNvwFnQLfI&amp;_nc_oc=AdphhRPeWbFyoh2na224xsw-o5mcdCkcYPiVR6z250mv3_hp95c4wZL_4SYmwQzkhug&amp;_nc_zt=23&amp;_nc_ht=scontent.cdninstagram.com&amp;edm=ANo9K5cEAAAA&amp;_nc_gid=8x6EVTY8t11JpKoycl6AHg&amp;_nc_tpa=Q5bMBQFTzcOlQLCztLaRMG0w5PRVebOd1aSvrkS7oZGT1aUS4plr4atNuSOgsdHhwWj3y0P-qD3nPIzkkw&amp;oh=00_Af5048o3gSacCBpj-95qWdcoy9DfK7-eP9QN2wg2NroBEA&amp;oe=69FA6BA9&quot;,&quot;640&quot;:&quot;https:\\\/\\\/scontent.cdninstagram.com\\\/v\\\/t51.82787-15\\\/685226434_18433417528188612_4202778414520778926_n.jpg?stp=dst-jpg_e35_tt6&amp;_nc_cat=103&amp;ccb=7-5&amp;_nc_sid=18de74&amp;efg=eyJlZmdfdGFnIjoiQ0FST1VTRUxfSVRFTS5iZXN0X2ltYWdlX3VybGdlbi5DMyJ9&amp;_nc_ohc=1pDuLugR51sQ7kNvwFnQLfI&amp;_nc_oc=AdphhRPeWbFyoh2na224xsw-o5mcdCkcYPiVR6z250mv3_hp95c4wZL_4SYmwQzkhug&amp;_nc_zt=23&amp;_nc_ht=scontent.cdninstagram.com&amp;edm=ANo9K5cEAAAA&amp;_nc_gid=8x6EVTY8t11JpKoycl6AHg&amp;_nc_tpa=Q5bMBQFTzcOlQLCztLaRMG0w5PRVebOd1aSvrkS7oZGT1aUS4plr4atNuSOgsdHhwWj3y0P-qD3nPIzkkw&amp;oh=00_Af5048o3gSacCBpj-95qWdcoy9DfK7-eP9QN2wg2NroBEA&amp;oe=69FA6BA9&quot;}\">\n\t\t\t<span class=\"sbi-screenreader\">Acercar el desarrollo a los territorios no es una <\/span>\n\t\t\t<svg class=\"svg-inline--fa fa-clone fa-w-16 sbi_lightbox_carousel_icon\" aria-hidden=\"true\" aria-label=\"Clone\" data-fa-pro\u0192cessed=\"\" data-prefix=\"far\" data-icon=\"clone\" role=\"img\" xmlns=\"http:\/\/www.w3.org\/2000\/svg\" viewBox=\"0 0 512 512\">\n                    <path fill=\"currentColor\" d=\"M464 0H144c-26.51 0-48 21.49-48 48v48H48c-26.51 0-48 21.49-48 48v320c0 26.51 21.49 48 48 48h320c26.51 0 48-21.49 48-48v-48h48c26.51 0 48-21.49 48-48V48c0-26.51-21.49-48-48-48zM362 464H54a6 6 0 0 1-6-6V150a6 6 0 0 1 6-6h42v224c0 26.51 21.49 48 48 48h224v42a6 6 0 0 1-6 6zm96-96H150a6 6 0 0 1-6-6V54a6 6 0 0 1 6-6h308a6 6 0 0 1 6 6v308a6 6 0 0 1-6 6z\"><\/path>\n                <\/svg>\t\t\t\t\t\t<img decoding=\"async\" src=\"https:\/\/christianasinelli.org\/wp-content\/plugins\/instagram-feed\/img\/placeholder.png\" alt=\"Acercar el desarrollo a los territorios no es una consigna: es una decisi\u00f3n concreta.\n\nEn CAF recibimos a intendentes y referentes de Entre R\u00edos, junto a @michelguilleok y @adanhbahl ahl, para compartir una jornada de trabajo enfocada en gesti\u00f3n local, financiamiento y planificaci\u00f3n.\n\nNos acompa\u00f1aron Hern\u00e1n Niz, Juan Amavet, Jaime Beliz, Laura Rupp, Gustavo Bastian, Adri\u00e1n Federico Fuertes, Dami\u00e1n Ar\u00e9valo y Mauro D\u00edaz Chaves.\n\nPreviamente, mantuvimos una reuni\u00f3n con @miguel_lunghi intendente de Tandil y su equipo, con quien compartimos experiencias y desaf\u00edos de la gesti\u00f3n territorial.\n\nEstos espacios permiten algo clave: alinear miradas, compartir experiencias y transformar desaf\u00edos en oportunidades concretas.\n\nDesde CAF acompa\u00f1amos a los gobiernos locales con financiamiento, asistencia t\u00e9cnica e iniciativas como BiodiverCiudades, que promueve un desarrollo urbano sostenible integrando infraestructura, ambiente y calidad de vida. Porque el desarrollo se construye desde lo local, pensando ciudades m\u00e1s inclusivas y preparadas para el futuro.\" aria-hidden=\"true\">\n\t\t<\/a>\n\t<\/div>\n<\/div><div class=\"sbi_item sbi_type_video sbi_new sbi_transition\"\n\tid=\"sbi_18098293196040449\" data-date=\"1777517040\">\n\t<div class=\"sbi_photo_wrap\">\n\t\t<a class=\"sbi_photo\" href=\"https:\/\/www.instagram.com\/reel\/DXvT1pms3Ku\/\" target=\"_blank\" rel=\"noopener nofollow\"\n\t\t\tdata-full-res=\"https:\/\/scontent.cdninstagram.com\/v\/t51.71878-15\/681995317_1707272963963876_3532246968977531825_n.jpg?stp=dst-jpg_e35_tt6&#038;_nc_cat=104&#038;ccb=7-5&#038;_nc_sid=18de74&#038;efg=eyJlZmdfdGFnIjoiQ0xJUFMuYmVzdF9pbWFnZV91cmxnZW4uQzMifQ%3D%3D&#038;_nc_ohc=rHuBv4raMWoQ7kNvwGfDbLH&#038;_nc_oc=AdqCCeqYFw_kDOPnElizyfNhUQJTIqmo0FCevVAnX0ojBCupEdKbVWYONLHDCUTq3G4&#038;_nc_zt=23&#038;_nc_ht=scontent.cdninstagram.com&#038;edm=ANo9K5cEAAAA&#038;_nc_gid=8x6EVTY8t11JpKoycl6AHg&#038;_nc_tpa=Q5bMBQEXHuhToi23mp2AW_67ICZ9qno8zdcQy7EFpfep-qqC0VpN1LTlyHnK8lpv2RKg02eUGGcwizejFw&#038;oh=00_Af6SYEsPCtx1AwbrqRLyWIeyPt-WROnDiF512gO3QBZcug&#038;oe=69FA7F07\"\n\t\t\tdata-img-src-set=\"{&quot;d&quot;:&quot;https:\\\/\\\/scontent.cdninstagram.com\\\/v\\\/t51.71878-15\\\/681995317_1707272963963876_3532246968977531825_n.jpg?stp=dst-jpg_e35_tt6&amp;_nc_cat=104&amp;ccb=7-5&amp;_nc_sid=18de74&amp;efg=eyJlZmdfdGFnIjoiQ0xJUFMuYmVzdF9pbWFnZV91cmxnZW4uQzMifQ%3D%3D&amp;_nc_ohc=rHuBv4raMWoQ7kNvwGfDbLH&amp;_nc_oc=AdqCCeqYFw_kDOPnElizyfNhUQJTIqmo0FCevVAnX0ojBCupEdKbVWYONLHDCUTq3G4&amp;_nc_zt=23&amp;_nc_ht=scontent.cdninstagram.com&amp;edm=ANo9K5cEAAAA&amp;_nc_gid=8x6EVTY8t11JpKoycl6AHg&amp;_nc_tpa=Q5bMBQEXHuhToi23mp2AW_67ICZ9qno8zdcQy7EFpfep-qqC0VpN1LTlyHnK8lpv2RKg02eUGGcwizejFw&amp;oh=00_Af6SYEsPCtx1AwbrqRLyWIeyPt-WROnDiF512gO3QBZcug&amp;oe=69FA7F07&quot;,&quot;150&quot;:&quot;https:\\\/\\\/scontent.cdninstagram.com\\\/v\\\/t51.71878-15\\\/681995317_1707272963963876_3532246968977531825_n.jpg?stp=dst-jpg_e35_tt6&amp;_nc_cat=104&amp;ccb=7-5&amp;_nc_sid=18de74&amp;efg=eyJlZmdfdGFnIjoiQ0xJUFMuYmVzdF9pbWFnZV91cmxnZW4uQzMifQ%3D%3D&amp;_nc_ohc=rHuBv4raMWoQ7kNvwGfDbLH&amp;_nc_oc=AdqCCeqYFw_kDOPnElizyfNhUQJTIqmo0FCevVAnX0ojBCupEdKbVWYONLHDCUTq3G4&amp;_nc_zt=23&amp;_nc_ht=scontent.cdninstagram.com&amp;edm=ANo9K5cEAAAA&amp;_nc_gid=8x6EVTY8t11JpKoycl6AHg&amp;_nc_tpa=Q5bMBQEXHuhToi23mp2AW_67ICZ9qno8zdcQy7EFpfep-qqC0VpN1LTlyHnK8lpv2RKg02eUGGcwizejFw&amp;oh=00_Af6SYEsPCtx1AwbrqRLyWIeyPt-WROnDiF512gO3QBZcug&amp;oe=69FA7F07&quot;,&quot;320&quot;:&quot;https:\\\/\\\/scontent.cdninstagram.com\\\/v\\\/t51.71878-15\\\/681995317_1707272963963876_3532246968977531825_n.jpg?stp=dst-jpg_e35_tt6&amp;_nc_cat=104&amp;ccb=7-5&amp;_nc_sid=18de74&amp;efg=eyJlZmdfdGFnIjoiQ0xJUFMuYmVzdF9pbWFnZV91cmxnZW4uQzMifQ%3D%3D&amp;_nc_ohc=rHuBv4raMWoQ7kNvwGfDbLH&amp;_nc_oc=AdqCCeqYFw_kDOPnElizyfNhUQJTIqmo0FCevVAnX0ojBCupEdKbVWYONLHDCUTq3G4&amp;_nc_zt=23&amp;_nc_ht=scontent.cdninstagram.com&amp;edm=ANo9K5cEAAAA&amp;_nc_gid=8x6EVTY8t11JpKoycl6AHg&amp;_nc_tpa=Q5bMBQEXHuhToi23mp2AW_67ICZ9qno8zdcQy7EFpfep-qqC0VpN1LTlyHnK8lpv2RKg02eUGGcwizejFw&amp;oh=00_Af6SYEsPCtx1AwbrqRLyWIeyPt-WROnDiF512gO3QBZcug&amp;oe=69FA7F07&quot;,&quot;640&quot;:&quot;https:\\\/\\\/scontent.cdninstagram.com\\\/v\\\/t51.71878-15\\\/681995317_1707272963963876_3532246968977531825_n.jpg?stp=dst-jpg_e35_tt6&amp;_nc_cat=104&amp;ccb=7-5&amp;_nc_sid=18de74&amp;efg=eyJlZmdfdGFnIjoiQ0xJUFMuYmVzdF9pbWFnZV91cmxnZW4uQzMifQ%3D%3D&amp;_nc_ohc=rHuBv4raMWoQ7kNvwGfDbLH&amp;_nc_oc=AdqCCeqYFw_kDOPnElizyfNhUQJTIqmo0FCevVAnX0ojBCupEdKbVWYONLHDCUTq3G4&amp;_nc_zt=23&amp;_nc_ht=scontent.cdninstagram.com&amp;edm=ANo9K5cEAAAA&amp;_nc_gid=8x6EVTY8t11JpKoycl6AHg&amp;_nc_tpa=Q5bMBQEXHuhToi23mp2AW_67ICZ9qno8zdcQy7EFpfep-qqC0VpN1LTlyHnK8lpv2RKg02eUGGcwizejFw&amp;oh=00_Af6SYEsPCtx1AwbrqRLyWIeyPt-WROnDiF512gO3QBZcug&amp;oe=69FA7F07&quot;}\">\n\t\t\t<span class=\"sbi-screenreader\">Las soluciones a los problemas urbanos no se piens<\/span>\n\t\t\t\t\t\t<svg style=\"color: rgba(255,255,255,1)\" class=\"svg-inline--fa fa-play fa-w-14 sbi_playbtn\" aria-label=\"Play\" aria-hidden=\"true\" data-fa-processed=\"\" data-prefix=\"fa\" data-icon=\"play\" role=\"presentation\" xmlns=\"http:\/\/www.w3.org\/2000\/svg\" viewBox=\"0 0 448 512\"><path fill=\"currentColor\" d=\"M424.4 214.7L72.4 6.6C43.8-10.3 0 6.1 0 47.9V464c0 37.5 40.7 60.1 72.4 41.3l352-208c31.4-18.5 31.5-64.1 0-82.6z\"><\/path><\/svg>\t\t\t<img decoding=\"async\" src=\"https:\/\/christianasinelli.org\/wp-content\/plugins\/instagram-feed\/img\/placeholder.png\" alt=\"Las soluciones a los problemas urbanos no se piensan en abstracto: se construyen en los territorios, con quienes los conocen de cerca.\n\nHoy, en la Feria del Libro, tuvimos dos encuentros que lo confirman. Primero, firmamos junto a la Red de Innovaci\u00f3n Local el convenio DesafIA Ciudades, que va a poner la inteligencia artificial al servicio de 10 municipios argentinos. Despu\u00e9s, conversamos con intendentes e intendentas de la Red de BiodiverCiudades sobre c\u00f3mo integrar la naturaleza a la planificaci\u00f3n urbana.\n\nEn todos los casos, una misma certeza: los gobiernos locales son la primera l\u00ednea, los que escuchan, los que responden. Desde CAF, los acompa\u00f1amos.\" aria-hidden=\"true\">\n\t\t<\/a>\n\t<\/div>\n<\/div><div class=\"sbi_item sbi_type_video sbi_new sbi_transition\"\n\tid=\"sbi_18151981915415609\" data-date=\"1777465069\">\n\t<div class=\"sbi_photo_wrap\">\n\t\t<a class=\"sbi_photo\" href=\"https:\/\/www.instagram.com\/reel\/DXtxlrSgVnY\/\" target=\"_blank\" rel=\"noopener nofollow\"\n\t\t\tdata-full-res=\"https:\/\/scontent.cdninstagram.com\/v\/t51.71878-15\/683930479_1603646434028985_9202905509373382917_n.jpg?stp=dst-jpg_e35_tt6&#038;_nc_cat=107&#038;ccb=7-5&#038;_nc_sid=18de74&#038;efg=eyJlZmdfdGFnIjoiQ0xJUFMuYmVzdF9pbWFnZV91cmxnZW4uQzMifQ%3D%3D&#038;_nc_ohc=gr11eMUPtbUQ7kNvwFFcrlC&#038;_nc_oc=AdoakQE7nBrvpbXusqMh4EfNCcmFTihnDGsJ3K29-D5NKcFCvg-5sUCCRwtadcEa2uk&#038;_nc_zt=23&#038;_nc_ht=scontent.cdninstagram.com&#038;edm=ANo9K5cEAAAA&#038;_nc_gid=8x6EVTY8t11JpKoycl6AHg&#038;_nc_tpa=Q5bMBQFbLhHtSOjES90XL76-Ashf62H09P7Vl2oNnBTfInPVzkalK9h6m2ymLBtkjssH1lTCcIpTZtBPqQ&#038;oh=00_Af66I-WgSvw1LRuZvq1bwdZ0ZyYHKnzUFyR7yjnXzs7jJA&#038;oe=69FA78E5\"\n\t\t\tdata-img-src-set=\"{&quot;d&quot;:&quot;https:\\\/\\\/scontent.cdninstagram.com\\\/v\\\/t51.71878-15\\\/683930479_1603646434028985_9202905509373382917_n.jpg?stp=dst-jpg_e35_tt6&amp;_nc_cat=107&amp;ccb=7-5&amp;_nc_sid=18de74&amp;efg=eyJlZmdfdGFnIjoiQ0xJUFMuYmVzdF9pbWFnZV91cmxnZW4uQzMifQ%3D%3D&amp;_nc_ohc=gr11eMUPtbUQ7kNvwFFcrlC&amp;_nc_oc=AdoakQE7nBrvpbXusqMh4EfNCcmFTihnDGsJ3K29-D5NKcFCvg-5sUCCRwtadcEa2uk&amp;_nc_zt=23&amp;_nc_ht=scontent.cdninstagram.com&amp;edm=ANo9K5cEAAAA&amp;_nc_gid=8x6EVTY8t11JpKoycl6AHg&amp;_nc_tpa=Q5bMBQFbLhHtSOjES90XL76-Ashf62H09P7Vl2oNnBTfInPVzkalK9h6m2ymLBtkjssH1lTCcIpTZtBPqQ&amp;oh=00_Af66I-WgSvw1LRuZvq1bwdZ0ZyYHKnzUFyR7yjnXzs7jJA&amp;oe=69FA78E5&quot;,&quot;150&quot;:&quot;https:\\\/\\\/scontent.cdninstagram.com\\\/v\\\/t51.71878-15\\\/683930479_1603646434028985_9202905509373382917_n.jpg?stp=dst-jpg_e35_tt6&amp;_nc_cat=107&amp;ccb=7-5&amp;_nc_sid=18de74&amp;efg=eyJlZmdfdGFnIjoiQ0xJUFMuYmVzdF9pbWFnZV91cmxnZW4uQzMifQ%3D%3D&amp;_nc_ohc=gr11eMUPtbUQ7kNvwFFcrlC&amp;_nc_oc=AdoakQE7nBrvpbXusqMh4EfNCcmFTihnDGsJ3K29-D5NKcFCvg-5sUCCRwtadcEa2uk&amp;_nc_zt=23&amp;_nc_ht=scontent.cdninstagram.com&amp;edm=ANo9K5cEAAAA&amp;_nc_gid=8x6EVTY8t11JpKoycl6AHg&amp;_nc_tpa=Q5bMBQFbLhHtSOjES90XL76-Ashf62H09P7Vl2oNnBTfInPVzkalK9h6m2ymLBtkjssH1lTCcIpTZtBPqQ&amp;oh=00_Af66I-WgSvw1LRuZvq1bwdZ0ZyYHKnzUFyR7yjnXzs7jJA&amp;oe=69FA78E5&quot;,&quot;320&quot;:&quot;https:\\\/\\\/scontent.cdninstagram.com\\\/v\\\/t51.71878-15\\\/683930479_1603646434028985_9202905509373382917_n.jpg?stp=dst-jpg_e35_tt6&amp;_nc_cat=107&amp;ccb=7-5&amp;_nc_sid=18de74&amp;efg=eyJlZmdfdGFnIjoiQ0xJUFMuYmVzdF9pbWFnZV91cmxnZW4uQzMifQ%3D%3D&amp;_nc_ohc=gr11eMUPtbUQ7kNvwFFcrlC&amp;_nc_oc=AdoakQE7nBrvpbXusqMh4EfNCcmFTihnDGsJ3K29-D5NKcFCvg-5sUCCRwtadcEa2uk&amp;_nc_zt=23&amp;_nc_ht=scontent.cdninstagram.com&amp;edm=ANo9K5cEAAAA&amp;_nc_gid=8x6EVTY8t11JpKoycl6AHg&amp;_nc_tpa=Q5bMBQFbLhHtSOjES90XL76-Ashf62H09P7Vl2oNnBTfInPVzkalK9h6m2ymLBtkjssH1lTCcIpTZtBPqQ&amp;oh=00_Af66I-WgSvw1LRuZvq1bwdZ0ZyYHKnzUFyR7yjnXzs7jJA&amp;oe=69FA78E5&quot;,&quot;640&quot;:&quot;https:\\\/\\\/scontent.cdninstagram.com\\\/v\\\/t51.71878-15\\\/683930479_1603646434028985_9202905509373382917_n.jpg?stp=dst-jpg_e35_tt6&amp;_nc_cat=107&amp;ccb=7-5&amp;_nc_sid=18de74&amp;efg=eyJlZmdfdGFnIjoiQ0xJUFMuYmVzdF9pbWFnZV91cmxnZW4uQzMifQ%3D%3D&amp;_nc_ohc=gr11eMUPtbUQ7kNvwFFcrlC&amp;_nc_oc=AdoakQE7nBrvpbXusqMh4EfNCcmFTihnDGsJ3K29-D5NKcFCvg-5sUCCRwtadcEa2uk&amp;_nc_zt=23&amp;_nc_ht=scontent.cdninstagram.com&amp;edm=ANo9K5cEAAAA&amp;_nc_gid=8x6EVTY8t11JpKoycl6AHg&amp;_nc_tpa=Q5bMBQFbLhHtSOjES90XL76-Ashf62H09P7Vl2oNnBTfInPVzkalK9h6m2ymLBtkjssH1lTCcIpTZtBPqQ&amp;oh=00_Af66I-WgSvw1LRuZvq1bwdZ0ZyYHKnzUFyR7yjnXzs7jJA&amp;oe=69FA78E5&quot;}\">\n\t\t\t<span class=\"sbi-screenreader\">Hay temas que no se resuelven solos. Hay temas que<\/span>\n\t\t\t\t\t\t<svg style=\"color: rgba(255,255,255,1)\" class=\"svg-inline--fa fa-play fa-w-14 sbi_playbtn\" aria-label=\"Play\" aria-hidden=\"true\" data-fa-processed=\"\" data-prefix=\"fa\" data-icon=\"play\" role=\"presentation\" xmlns=\"http:\/\/www.w3.org\/2000\/svg\" viewBox=\"0 0 448 512\"><path fill=\"currentColor\" d=\"M424.4 214.7L72.4 6.6C43.8-10.3 0 6.1 0 47.9V464c0 37.5 40.7 60.1 72.4 41.3l352-208c31.4-18.5 31.5-64.1 0-82.6z\"><\/path><\/svg>\t\t\t<img decoding=\"async\" src=\"https:\/\/christianasinelli.org\/wp-content\/plugins\/instagram-feed\/img\/placeholder.png\" alt=\"Hay temas que no se resuelven solos. Hay temas que necesitan que les abramos la puerta.\n\nEn la Feria del Libro hablamos de Carlos Mugica con estudiantes secundarios. De justicia social, de compromiso, del rol de la Iglesia en los sectores populares. Y, sobre todo, de c\u00f3mo ese legado interpela a las nuevas generaciones.\n\nTambi\u00e9n abrimos un espacio sobre uno de los temas m\u00e1s urgentes y m\u00e1s silenciados de nuestro tiempo: la salud mental, los consumos problem\u00e1ticos, las nuevas adicciones. Con Gast\u00f3n Pauls, que pone el cuerpo y la palabra para amplificar un mensaje necesario, y con referentes del trabajo comunitario y de la salud p\u00fablica.\nDos conversaciones que dialogan entre s\u00ed. Una mirada al pasado para entender el presente; una mirada al presente para construir el futuro.\n\nLo mismo de fondo: una sociedad m\u00e1s justa, m\u00e1s consciente y m\u00e1s presente.\n\nEn los 50 a\u00f1os de la Feria Internacional del Libro de Buenos Aires y los 25 a\u00f1os de CAF en Argentina.\" aria-hidden=\"true\">\n\t\t<\/a>\n\t<\/div>\n<\/div><div class=\"sbi_item sbi_type_video sbi_new sbi_transition\"\n\tid=\"sbi_18152753311416362\" data-date=\"1777391466\">\n\t<div class=\"sbi_photo_wrap\">\n\t\t<a class=\"sbi_photo\" href=\"https:\/\/www.instagram.com\/reel\/DXrlUmTgThN\/\" target=\"_blank\" rel=\"noopener nofollow\"\n\t\t\tdata-full-res=\"https:\/\/scontent.cdninstagram.com\/v\/t51.71878-15\/683521175_1538573731232861_7917895838958882612_n.jpg?stp=dst-jpg_e35_tt6&#038;_nc_cat=105&#038;ccb=7-5&#038;_nc_sid=18de74&#038;efg=eyJlZmdfdGFnIjoiQ0xJUFMuYmVzdF9pbWFnZV91cmxnZW4uQzMifQ%3D%3D&#038;_nc_ohc=Ww1RoalSF0UQ7kNvwE-bka-&#038;_nc_oc=AdoKnXuBlrGTHZCND8cAO3KblgdewAi2s6smhAi4nVl-ol6xewg_yGwT2zYJ8q3C5OI&#038;_nc_zt=23&#038;_nc_ht=scontent.cdninstagram.com&#038;edm=ANo9K5cEAAAA&#038;_nc_gid=8x6EVTY8t11JpKoycl6AHg&#038;_nc_tpa=Q5bMBQEawIEZs3sE2BnXSQTmQ6R4unZZwyjbxilqjv5Vf-0CMK2lRPLtIRkzL0noQoOH9MzDKe7h2jG8Mw&#038;oh=00_Af4Ruo92jjHyAOw7sjUpQ3AeFuwe4MpGmJrkkEn9mN5E_g&#038;oe=69FA5EC8\"\n\t\t\tdata-img-src-set=\"{&quot;d&quot;:&quot;https:\\\/\\\/scontent.cdninstagram.com\\\/v\\\/t51.71878-15\\\/683521175_1538573731232861_7917895838958882612_n.jpg?stp=dst-jpg_e35_tt6&amp;_nc_cat=105&amp;ccb=7-5&amp;_nc_sid=18de74&amp;efg=eyJlZmdfdGFnIjoiQ0xJUFMuYmVzdF9pbWFnZV91cmxnZW4uQzMifQ%3D%3D&amp;_nc_ohc=Ww1RoalSF0UQ7kNvwE-bka-&amp;_nc_oc=AdoKnXuBlrGTHZCND8cAO3KblgdewAi2s6smhAi4nVl-ol6xewg_yGwT2zYJ8q3C5OI&amp;_nc_zt=23&amp;_nc_ht=scontent.cdninstagram.com&amp;edm=ANo9K5cEAAAA&amp;_nc_gid=8x6EVTY8t11JpKoycl6AHg&amp;_nc_tpa=Q5bMBQEawIEZs3sE2BnXSQTmQ6R4unZZwyjbxilqjv5Vf-0CMK2lRPLtIRkzL0noQoOH9MzDKe7h2jG8Mw&amp;oh=00_Af4Ruo92jjHyAOw7sjUpQ3AeFuwe4MpGmJrkkEn9mN5E_g&amp;oe=69FA5EC8&quot;,&quot;150&quot;:&quot;https:\\\/\\\/scontent.cdninstagram.com\\\/v\\\/t51.71878-15\\\/683521175_1538573731232861_7917895838958882612_n.jpg?stp=dst-jpg_e35_tt6&amp;_nc_cat=105&amp;ccb=7-5&amp;_nc_sid=18de74&amp;efg=eyJlZmdfdGFnIjoiQ0xJUFMuYmVzdF9pbWFnZV91cmxnZW4uQzMifQ%3D%3D&amp;_nc_ohc=Ww1RoalSF0UQ7kNvwE-bka-&amp;_nc_oc=AdoKnXuBlrGTHZCND8cAO3KblgdewAi2s6smhAi4nVl-ol6xewg_yGwT2zYJ8q3C5OI&amp;_nc_zt=23&amp;_nc_ht=scontent.cdninstagram.com&amp;edm=ANo9K5cEAAAA&amp;_nc_gid=8x6EVTY8t11JpKoycl6AHg&amp;_nc_tpa=Q5bMBQEawIEZs3sE2BnXSQTmQ6R4unZZwyjbxilqjv5Vf-0CMK2lRPLtIRkzL0noQoOH9MzDKe7h2jG8Mw&amp;oh=00_Af4Ruo92jjHyAOw7sjUpQ3AeFuwe4MpGmJrkkEn9mN5E_g&amp;oe=69FA5EC8&quot;,&quot;320&quot;:&quot;https:\\\/\\\/scontent.cdninstagram.com\\\/v\\\/t51.71878-15\\\/683521175_1538573731232861_7917895838958882612_n.jpg?stp=dst-jpg_e35_tt6&amp;_nc_cat=105&amp;ccb=7-5&amp;_nc_sid=18de74&amp;efg=eyJlZmdfdGFnIjoiQ0xJUFMuYmVzdF9pbWFnZV91cmxnZW4uQzMifQ%3D%3D&amp;_nc_ohc=Ww1RoalSF0UQ7kNvwE-bka-&amp;_nc_oc=AdoKnXuBlrGTHZCND8cAO3KblgdewAi2s6smhAi4nVl-ol6xewg_yGwT2zYJ8q3C5OI&amp;_nc_zt=23&amp;_nc_ht=scontent.cdninstagram.com&amp;edm=ANo9K5cEAAAA&amp;_nc_gid=8x6EVTY8t11JpKoycl6AHg&amp;_nc_tpa=Q5bMBQEawIEZs3sE2BnXSQTmQ6R4unZZwyjbxilqjv5Vf-0CMK2lRPLtIRkzL0noQoOH9MzDKe7h2jG8Mw&amp;oh=00_Af4Ruo92jjHyAOw7sjUpQ3AeFuwe4MpGmJrkkEn9mN5E_g&amp;oe=69FA5EC8&quot;,&quot;640&quot;:&quot;https:\\\/\\\/scontent.cdninstagram.com\\\/v\\\/t51.71878-15\\\/683521175_1538573731232861_7917895838958882612_n.jpg?stp=dst-jpg_e35_tt6&amp;_nc_cat=105&amp;ccb=7-5&amp;_nc_sid=18de74&amp;efg=eyJlZmdfdGFnIjoiQ0xJUFMuYmVzdF9pbWFnZV91cmxnZW4uQzMifQ%3D%3D&amp;_nc_ohc=Ww1RoalSF0UQ7kNvwE-bka-&amp;_nc_oc=AdoKnXuBlrGTHZCND8cAO3KblgdewAi2s6smhAi4nVl-ol6xewg_yGwT2zYJ8q3C5OI&amp;_nc_zt=23&amp;_nc_ht=scontent.cdninstagram.com&amp;edm=ANo9K5cEAAAA&amp;_nc_gid=8x6EVTY8t11JpKoycl6AHg&amp;_nc_tpa=Q5bMBQEawIEZs3sE2BnXSQTmQ6R4unZZwyjbxilqjv5Vf-0CMK2lRPLtIRkzL0noQoOH9MzDKe7h2jG8Mw&amp;oh=00_Af4Ruo92jjHyAOw7sjUpQ3AeFuwe4MpGmJrkkEn9mN5E_g&amp;oe=69FA5EC8&quot;}\">\n\t\t\t<span class=\"sbi-screenreader\">Correr arranca como algo personal\u2026 pero termina <\/span>\n\t\t\t\t\t\t<svg style=\"color: rgba(255,255,255,1)\" class=\"svg-inline--fa fa-play fa-w-14 sbi_playbtn\" aria-label=\"Play\" aria-hidden=\"true\" data-fa-processed=\"\" data-prefix=\"fa\" data-icon=\"play\" role=\"presentation\" xmlns=\"http:\/\/www.w3.org\/2000\/svg\" viewBox=\"0 0 448 512\"><path fill=\"currentColor\" d=\"M424.4 214.7L72.4 6.6C43.8-10.3 0 6.1 0 47.9V464c0 37.5 40.7 60.1 72.4 41.3l352-208c31.4-18.5 31.5-64.1 0-82.6z\"><\/path><\/svg>\t\t\t<img decoding=\"async\" src=\"https:\/\/christianasinelli.org\/wp-content\/plugins\/instagram-feed\/img\/placeholder.png\" alt=\"Correr arranca como algo personal\u2026 pero termina siendo mucho m\u00e1s.\n\nDesde el stand de @agendacaf en la 50\u00aa Feria Internacional del Libro de Buenos Aires (@ferialibro_ba), nos juntamos con Dami\u00e1n C\u00e1ceres y Colo Mourglia para hablar de running, comunidad y desarrollo en Am\u00e9rica Latina. Dos voces que conocen como pocas el v\u00ednculo entre el deporte y la transformaci\u00f3n social: Dami\u00e1n acaba de publicar \u201cHuellas de Kenia\u201d, sobre el running como herramienta de ascenso social en \u00c1frica Oriental; y el Colo \u201c Running para Todos\u201d y lleva m\u00e1s de un mill\u00f3n de seguidores acompa\u00f1ando a corredores y corredoras de toda la regi\u00f3n.\n\nHistorias que empiezan con un paso. Proyectos que transforman realidades. Y una convicci\u00f3n: correr tambi\u00e9n puede conectar ciudades, tejer comunidad y generar oportunidades.\n\nEl Marat\u00f3nCAF es la prueba m\u00e1s concreta de esa idea. En su X edici\u00f3n reuni\u00f3 a 10.000 corredores de 25 nacionalidades, con 47% de participaci\u00f3n femenina \u2014una cifra hist\u00f3rica\u2014 y atletas de 13 pa\u00edses compitiendo en \u00e9lite. Una experiencia que excede la carrera y se convierte en un evento deportivo de integraci\u00f3n regional.\n\nDe lo individual a lo colectivo. Del esfuerzo personal al impacto regional.\n\nPorque correr no es solo llegar: es todo lo que pasa en el camino.\" aria-hidden=\"true\">\n\t\t<\/a>\n\t<\/div>\n<\/div><div class=\"sbi_item sbi_type_video sbi_new sbi_transition\"\n\tid=\"sbi_17984808959816318\" data-date=\"1777373065\">\n\t<div class=\"sbi_photo_wrap\">\n\t\t<a class=\"sbi_photo\" href=\"https:\/\/www.instagram.com\/reel\/DXrBechgQp0\/\" target=\"_blank\" rel=\"noopener nofollow\"\n\t\t\tdata-full-res=\"https:\/\/scontent.cdninstagram.com\/v\/t51.71878-15\/675515777_3079896112220919_1076711021025548179_n.jpg?stp=dst-jpg_e35_tt6&#038;_nc_cat=105&#038;ccb=7-5&#038;_nc_sid=18de74&#038;efg=eyJlZmdfdGFnIjoiQ0xJUFMuYmVzdF9pbWFnZV91cmxnZW4uQzMifQ%3D%3D&#038;_nc_ohc=C0dr4kBOSv0Q7kNvwGHSv_D&#038;_nc_oc=AdrrquBLLFcDHlzsKbgEhsT6LlTekWEpd-1ylwmdhgzWVJgvuxU9BGUHhGAtdi0CgLw&#038;_nc_zt=23&#038;_nc_ht=scontent.cdninstagram.com&#038;edm=ANo9K5cEAAAA&#038;_nc_gid=8x6EVTY8t11JpKoycl6AHg&#038;_nc_tpa=Q5bMBQE4aTgEaonXYCktmQahLi2t3MX2oQMsSm0j0IeV5bcHsPWb8w8KBaykqeKMzro6CbgOCW0PSp-qsA&#038;oh=00_Af4SZq6oi1rclEvKUWTVOLOUrZq4jmg36ZIqfnAhyT4rvA&#038;oe=69FA7DCD\"\n\t\t\tdata-img-src-set=\"{&quot;d&quot;:&quot;https:\\\/\\\/scontent.cdninstagram.com\\\/v\\\/t51.71878-15\\\/675515777_3079896112220919_1076711021025548179_n.jpg?stp=dst-jpg_e35_tt6&amp;_nc_cat=105&amp;ccb=7-5&amp;_nc_sid=18de74&amp;efg=eyJlZmdfdGFnIjoiQ0xJUFMuYmVzdF9pbWFnZV91cmxnZW4uQzMifQ%3D%3D&amp;_nc_ohc=C0dr4kBOSv0Q7kNvwGHSv_D&amp;_nc_oc=AdrrquBLLFcDHlzsKbgEhsT6LlTekWEpd-1ylwmdhgzWVJgvuxU9BGUHhGAtdi0CgLw&amp;_nc_zt=23&amp;_nc_ht=scontent.cdninstagram.com&amp;edm=ANo9K5cEAAAA&amp;_nc_gid=8x6EVTY8t11JpKoycl6AHg&amp;_nc_tpa=Q5bMBQE4aTgEaonXYCktmQahLi2t3MX2oQMsSm0j0IeV5bcHsPWb8w8KBaykqeKMzro6CbgOCW0PSp-qsA&amp;oh=00_Af4SZq6oi1rclEvKUWTVOLOUrZq4jmg36ZIqfnAhyT4rvA&amp;oe=69FA7DCD&quot;,&quot;150&quot;:&quot;https:\\\/\\\/scontent.cdninstagram.com\\\/v\\\/t51.71878-15\\\/675515777_3079896112220919_1076711021025548179_n.jpg?stp=dst-jpg_e35_tt6&amp;_nc_cat=105&amp;ccb=7-5&amp;_nc_sid=18de74&amp;efg=eyJlZmdfdGFnIjoiQ0xJUFMuYmVzdF9pbWFnZV91cmxnZW4uQzMifQ%3D%3D&amp;_nc_ohc=C0dr4kBOSv0Q7kNvwGHSv_D&amp;_nc_oc=AdrrquBLLFcDHlzsKbgEhsT6LlTekWEpd-1ylwmdhgzWVJgvuxU9BGUHhGAtdi0CgLw&amp;_nc_zt=23&amp;_nc_ht=scontent.cdninstagram.com&amp;edm=ANo9K5cEAAAA&amp;_nc_gid=8x6EVTY8t11JpKoycl6AHg&amp;_nc_tpa=Q5bMBQE4aTgEaonXYCktmQahLi2t3MX2oQMsSm0j0IeV5bcHsPWb8w8KBaykqeKMzro6CbgOCW0PSp-qsA&amp;oh=00_Af4SZq6oi1rclEvKUWTVOLOUrZq4jmg36ZIqfnAhyT4rvA&amp;oe=69FA7DCD&quot;,&quot;320&quot;:&quot;https:\\\/\\\/scontent.cdninstagram.com\\\/v\\\/t51.71878-15\\\/675515777_3079896112220919_1076711021025548179_n.jpg?stp=dst-jpg_e35_tt6&amp;_nc_cat=105&amp;ccb=7-5&amp;_nc_sid=18de74&amp;efg=eyJlZmdfdGFnIjoiQ0xJUFMuYmVzdF9pbWFnZV91cmxnZW4uQzMifQ%3D%3D&amp;_nc_ohc=C0dr4kBOSv0Q7kNvwGHSv_D&amp;_nc_oc=AdrrquBLLFcDHlzsKbgEhsT6LlTekWEpd-1ylwmdhgzWVJgvuxU9BGUHhGAtdi0CgLw&amp;_nc_zt=23&amp;_nc_ht=scontent.cdninstagram.com&amp;edm=ANo9K5cEAAAA&amp;_nc_gid=8x6EVTY8t11JpKoycl6AHg&amp;_nc_tpa=Q5bMBQE4aTgEaonXYCktmQahLi2t3MX2oQMsSm0j0IeV5bcHsPWb8w8KBaykqeKMzro6CbgOCW0PSp-qsA&amp;oh=00_Af4SZq6oi1rclEvKUWTVOLOUrZq4jmg36ZIqfnAhyT4rvA&amp;oe=69FA7DCD&quot;,&quot;640&quot;:&quot;https:\\\/\\\/scontent.cdninstagram.com\\\/v\\\/t51.71878-15\\\/675515777_3079896112220919_1076711021025548179_n.jpg?stp=dst-jpg_e35_tt6&amp;_nc_cat=105&amp;ccb=7-5&amp;_nc_sid=18de74&amp;efg=eyJlZmdfdGFnIjoiQ0xJUFMuYmVzdF9pbWFnZV91cmxnZW4uQzMifQ%3D%3D&amp;_nc_ohc=C0dr4kBOSv0Q7kNvwGHSv_D&amp;_nc_oc=AdrrquBLLFcDHlzsKbgEhsT6LlTekWEpd-1ylwmdhgzWVJgvuxU9BGUHhGAtdi0CgLw&amp;_nc_zt=23&amp;_nc_ht=scontent.cdninstagram.com&amp;edm=ANo9K5cEAAAA&amp;_nc_gid=8x6EVTY8t11JpKoycl6AHg&amp;_nc_tpa=Q5bMBQE4aTgEaonXYCktmQahLi2t3MX2oQMsSm0j0IeV5bcHsPWb8w8KBaykqeKMzro6CbgOCW0PSp-qsA&amp;oh=00_Af4SZq6oi1rclEvKUWTVOLOUrZq4jmg36ZIqfnAhyT4rvA&amp;oe=69FA7DCD&quot;}\">\n\t\t\t<span class=\"sbi-screenreader\">Correr arranca como algo personal\u2026 pero termina <\/span>\n\t\t\t\t\t\t<svg style=\"color: rgba(255,255,255,1)\" class=\"svg-inline--fa fa-play fa-w-14 sbi_playbtn\" aria-label=\"Play\" aria-hidden=\"true\" data-fa-processed=\"\" data-prefix=\"fa\" data-icon=\"play\" role=\"presentation\" xmlns=\"http:\/\/www.w3.org\/2000\/svg\" viewBox=\"0 0 448 512\"><path fill=\"currentColor\" d=\"M424.4 214.7L72.4 6.6C43.8-10.3 0 6.1 0 47.9V464c0 37.5 40.7 60.1 72.4 41.3l352-208c31.4-18.5 31.5-64.1 0-82.6z\"><\/path><\/svg>\t\t\t<img decoding=\"async\" src=\"https:\/\/christianasinelli.org\/wp-content\/plugins\/instagram-feed\/img\/placeholder.png\" alt=\"Correr arranca como algo personal\u2026 pero termina siendo mucho m\u00e1s.\n\nDesde el stand de @agendacaf en la 50\u00aa Feria Internacional del Libro de Buenos Aires (@ferialibro_ba), nos juntamos con Dami\u00e1n C\u00e1ceres y Colo Mourglia para hablar de running, comunidad y desarrollo en Am\u00e9rica Latina. Dos voces que conocen como pocas el v\u00ednculo entre el deporte y la transformaci\u00f3n social: Dami\u00e1n acaba de publicar \u201cHuellas de Kenia\u201d, sobre el running como herramienta de ascenso social en \u00c1frica Oriental; y el Colo \u201c Running para Todos\u201d y lleva m\u00e1s de un mill\u00f3n de seguidores acompa\u00f1ando a corredores y corredoras de toda la regi\u00f3n.\n\nHistorias que empiezan con un paso. Proyectos que transforman realidades. Y una convicci\u00f3n: correr tambi\u00e9n puede conectar ciudades, tejer comunidad y generar oportunidades.\n\nEl Marat\u00f3nCAF es la prueba m\u00e1s concreta de esa idea. En su X edici\u00f3n reuni\u00f3 a 10.000 corredores de 25 nacionalidades, con 47% de participaci\u00f3n femenina \u2014una cifra hist\u00f3rica\u2014 y atletas de 13 pa\u00edses compitiendo en \u00e9lite. Una experiencia que excede la carrera y se convierte en un evento deportivo de integraci\u00f3n regional.\n\nDe lo individual a lo colectivo. Del esfuerzo personal al impacto regional.\n\nPorque correr no es solo llegar: es todo lo que pasa en el camino.\" aria-hidden=\"true\">\n\t\t<\/a>\n\t<\/div>\n<\/div><div class=\"sbi_item sbi_type_carousel sbi_new sbi_transition\"\n\tid=\"sbi_18019014509669144\" data-date=\"1777332026\">\n\t<div class=\"sbi_photo_wrap\">\n\t\t<a class=\"sbi_photo\" href=\"https:\/\/www.instagram.com\/p\/DXp0DL3iXeo\/\" target=\"_blank\" rel=\"noopener nofollow\"\n\t\t\tdata-full-res=\"https:\/\/scontent.cdninstagram.com\/v\/t51.82787-15\/682126338_18432950893188612_4205173184361707743_n.jpg?stp=dst-jpg_e35_tt6&#038;_nc_cat=102&#038;ccb=7-5&#038;_nc_sid=18de74&#038;efg=eyJlZmdfdGFnIjoiQ0FST1VTRUxfSVRFTS5iZXN0X2ltYWdlX3VybGdlbi5DMyJ9&#038;_nc_ohc=hJz5Lnd82_4Q7kNvwFiOare&#038;_nc_oc=Adq-pxsFGCs9niFNXc1w5O1voePxQmVTIHom_CfGOgH4Fni-vK_BzUscF4cXKZHVLrs&#038;_nc_zt=23&#038;_nc_ht=scontent.cdninstagram.com&#038;edm=ANo9K5cEAAAA&#038;_nc_gid=8x6EVTY8t11JpKoycl6AHg&#038;_nc_tpa=Q5bMBQFoqcIG-592KYo8F3ouabToAE3oUqZhDsMSL-Guu-yXdG0WlY_xw-Siy_Zx9mTaiYxOI2CKzkL8kg&#038;oh=00_Af6pSfx9cWsbNvvb4PZjO-cRvCyJWk6eCz2tVmrK_t7-wg&#038;oe=69FA6FA7\"\n\t\t\tdata-img-src-set=\"{&quot;d&quot;:&quot;https:\\\/\\\/scontent.cdninstagram.com\\\/v\\\/t51.82787-15\\\/682126338_18432950893188612_4205173184361707743_n.jpg?stp=dst-jpg_e35_tt6&amp;_nc_cat=102&amp;ccb=7-5&amp;_nc_sid=18de74&amp;efg=eyJlZmdfdGFnIjoiQ0FST1VTRUxfSVRFTS5iZXN0X2ltYWdlX3VybGdlbi5DMyJ9&amp;_nc_ohc=hJz5Lnd82_4Q7kNvwFiOare&amp;_nc_oc=Adq-pxsFGCs9niFNXc1w5O1voePxQmVTIHom_CfGOgH4Fni-vK_BzUscF4cXKZHVLrs&amp;_nc_zt=23&amp;_nc_ht=scontent.cdninstagram.com&amp;edm=ANo9K5cEAAAA&amp;_nc_gid=8x6EVTY8t11JpKoycl6AHg&amp;_nc_tpa=Q5bMBQFoqcIG-592KYo8F3ouabToAE3oUqZhDsMSL-Guu-yXdG0WlY_xw-Siy_Zx9mTaiYxOI2CKzkL8kg&amp;oh=00_Af6pSfx9cWsbNvvb4PZjO-cRvCyJWk6eCz2tVmrK_t7-wg&amp;oe=69FA6FA7&quot;,&quot;150&quot;:&quot;https:\\\/\\\/scontent.cdninstagram.com\\\/v\\\/t51.82787-15\\\/682126338_18432950893188612_4205173184361707743_n.jpg?stp=dst-jpg_e35_tt6&amp;_nc_cat=102&amp;ccb=7-5&amp;_nc_sid=18de74&amp;efg=eyJlZmdfdGFnIjoiQ0FST1VTRUxfSVRFTS5iZXN0X2ltYWdlX3VybGdlbi5DMyJ9&amp;_nc_ohc=hJz5Lnd82_4Q7kNvwFiOare&amp;_nc_oc=Adq-pxsFGCs9niFNXc1w5O1voePxQmVTIHom_CfGOgH4Fni-vK_BzUscF4cXKZHVLrs&amp;_nc_zt=23&amp;_nc_ht=scontent.cdninstagram.com&amp;edm=ANo9K5cEAAAA&amp;_nc_gid=8x6EVTY8t11JpKoycl6AHg&amp;_nc_tpa=Q5bMBQFoqcIG-592KYo8F3ouabToAE3oUqZhDsMSL-Guu-yXdG0WlY_xw-Siy_Zx9mTaiYxOI2CKzkL8kg&amp;oh=00_Af6pSfx9cWsbNvvb4PZjO-cRvCyJWk6eCz2tVmrK_t7-wg&amp;oe=69FA6FA7&quot;,&quot;320&quot;:&quot;https:\\\/\\\/scontent.cdninstagram.com\\\/v\\\/t51.82787-15\\\/682126338_18432950893188612_4205173184361707743_n.jpg?stp=dst-jpg_e35_tt6&amp;_nc_cat=102&amp;ccb=7-5&amp;_nc_sid=18de74&amp;efg=eyJlZmdfdGFnIjoiQ0FST1VTRUxfSVRFTS5iZXN0X2ltYWdlX3VybGdlbi5DMyJ9&amp;_nc_ohc=hJz5Lnd82_4Q7kNvwFiOare&amp;_nc_oc=Adq-pxsFGCs9niFNXc1w5O1voePxQmVTIHom_CfGOgH4Fni-vK_BzUscF4cXKZHVLrs&amp;_nc_zt=23&amp;_nc_ht=scontent.cdninstagram.com&amp;edm=ANo9K5cEAAAA&amp;_nc_gid=8x6EVTY8t11JpKoycl6AHg&amp;_nc_tpa=Q5bMBQFoqcIG-592KYo8F3ouabToAE3oUqZhDsMSL-Guu-yXdG0WlY_xw-Siy_Zx9mTaiYxOI2CKzkL8kg&amp;oh=00_Af6pSfx9cWsbNvvb4PZjO-cRvCyJWk6eCz2tVmrK_t7-wg&amp;oe=69FA6FA7&quot;,&quot;640&quot;:&quot;https:\\\/\\\/scontent.cdninstagram.com\\\/v\\\/t51.82787-15\\\/682126338_18432950893188612_4205173184361707743_n.jpg?stp=dst-jpg_e35_tt6&amp;_nc_cat=102&amp;ccb=7-5&amp;_nc_sid=18de74&amp;efg=eyJlZmdfdGFnIjoiQ0FST1VTRUxfSVRFTS5iZXN0X2ltYWdlX3VybGdlbi5DMyJ9&amp;_nc_ohc=hJz5Lnd82_4Q7kNvwFiOare&amp;_nc_oc=Adq-pxsFGCs9niFNXc1w5O1voePxQmVTIHom_CfGOgH4Fni-vK_BzUscF4cXKZHVLrs&amp;_nc_zt=23&amp;_nc_ht=scontent.cdninstagram.com&amp;edm=ANo9K5cEAAAA&amp;_nc_gid=8x6EVTY8t11JpKoycl6AHg&amp;_nc_tpa=Q5bMBQFoqcIG-592KYo8F3ouabToAE3oUqZhDsMSL-Guu-yXdG0WlY_xw-Siy_Zx9mTaiYxOI2CKzkL8kg&amp;oh=00_Af6pSfx9cWsbNvvb4PZjO-cRvCyJWk6eCz2tVmrK_t7-wg&amp;oe=69FA6FA7&quot;}\">\n\t\t\t<span class=\"sbi-screenreader\">Financiamiento que se transforma en desarrollo rea<\/span>\n\t\t\t<svg class=\"svg-inline--fa fa-clone fa-w-16 sbi_lightbox_carousel_icon\" aria-hidden=\"true\" aria-label=\"Clone\" data-fa-pro\u0192cessed=\"\" data-prefix=\"far\" data-icon=\"clone\" role=\"img\" xmlns=\"http:\/\/www.w3.org\/2000\/svg\" viewBox=\"0 0 512 512\">\n                    <path fill=\"currentColor\" d=\"M464 0H144c-26.51 0-48 21.49-48 48v48H48c-26.51 0-48 21.49-48 48v320c0 26.51 21.49 48 48 48h320c26.51 0 48-21.49 48-48v-48h48c26.51 0 48-21.49 48-48V48c0-26.51-21.49-48-48-48zM362 464H54a6 6 0 0 1-6-6V150a6 6 0 0 1 6-6h42v224c0 26.51 21.49 48 48 48h224v42a6 6 0 0 1-6 6zm96-96H150a6 6 0 0 1-6-6V54a6 6 0 0 1 6-6h308a6 6 0 0 1 6 6v308a6 6 0 0 1-6 6z\"><\/path>\n                <\/svg>\t\t\t\t\t\t<img decoding=\"async\" src=\"https:\/\/christianasinelli.org\/wp-content\/plugins\/instagram-feed\/img\/placeholder.png\" alt=\"Financiamiento que se transforma en desarrollo real.\n\nEn la @ferialibro_ba moder\u00e9 el panel \u201cDel financiamiento a la transformaci\u00f3n territorial\u201d junto a Julieta Corroza @julicorroza , senadora nacional por Neuqu\u00e9n, y Flavia Roy\u00f3n @flaviaroyon , senadora nacional por Salta.\n\nDos voces con experiencia en gesti\u00f3n provincial y nacional, para conversar sobre c\u00f3mo el financiamiento internacional se traduce en infraestructura, capacidades institucionales y oportunidades reales para nuestros territorios.\n\nDesde CAF tenemos una mirada federal: trabajamos para que las provincias y los municipios cuenten con recursos y autonom\u00eda para decidir en favor de sus comunidades. En el a\u00f1o en que cumplimos 25 a\u00f1os en Argentina, esa convicci\u00f3n se profundiza.\" aria-hidden=\"true\">\n\t\t<\/a>\n\t<\/div>\n<\/div><div class=\"sbi_item sbi_type_video sbi_new sbi_transition\"\n\tid=\"sbi_18315113131262411\" data-date=\"1777287924\">\n\t<div class=\"sbi_photo_wrap\">\n\t\t<a class=\"sbi_photo\" href=\"https:\/\/www.instagram.com\/reel\/DXofYDDASlK\/\" target=\"_blank\" rel=\"noopener nofollow\"\n\t\t\tdata-full-res=\"https:\/\/scontent.cdninstagram.com\/v\/t51.82787-15\/682175920_18432852988188612_4658706893196045742_n.jpg?stp=dst-jpg_e35_tt6&#038;_nc_cat=102&#038;ccb=7-5&#038;_nc_sid=18de74&#038;efg=eyJlZmdfdGFnIjoiQ0xJUFMuYmVzdF9pbWFnZV91cmxnZW4uQzMifQ%3D%3D&#038;_nc_ohc=YYE4Y8fJxDgQ7kNvwFLMCae&#038;_nc_oc=AdqCNLnG143u24XRQJRKmxqU_f-C45nUMTVQJkl-rlQJ5yrO_tVUbDZUX7FOncymF5I&#038;_nc_zt=23&#038;_nc_ht=scontent.cdninstagram.com&#038;edm=ANo9K5cEAAAA&#038;_nc_gid=8x6EVTY8t11JpKoycl6AHg&#038;_nc_tpa=Q5bMBQEIUAPiUT1l3OyMxJC-5qUcZWsde2sLfZzrFkZEjO9DfBms1VApAr-aArM2Bf9D7yb7_sbiMXQL2A&#038;oh=00_Af5ZXcFQ-337Ttql14N4PZsKdPrk3Stqtx0B4WnMlxnZLQ&#038;oe=69FA76E7\"\n\t\t\tdata-img-src-set=\"{&quot;d&quot;:&quot;https:\\\/\\\/scontent.cdninstagram.com\\\/v\\\/t51.82787-15\\\/682175920_18432852988188612_4658706893196045742_n.jpg?stp=dst-jpg_e35_tt6&amp;_nc_cat=102&amp;ccb=7-5&amp;_nc_sid=18de74&amp;efg=eyJlZmdfdGFnIjoiQ0xJUFMuYmVzdF9pbWFnZV91cmxnZW4uQzMifQ%3D%3D&amp;_nc_ohc=YYE4Y8fJxDgQ7kNvwFLMCae&amp;_nc_oc=AdqCNLnG143u24XRQJRKmxqU_f-C45nUMTVQJkl-rlQJ5yrO_tVUbDZUX7FOncymF5I&amp;_nc_zt=23&amp;_nc_ht=scontent.cdninstagram.com&amp;edm=ANo9K5cEAAAA&amp;_nc_gid=8x6EVTY8t11JpKoycl6AHg&amp;_nc_tpa=Q5bMBQEIUAPiUT1l3OyMxJC-5qUcZWsde2sLfZzrFkZEjO9DfBms1VApAr-aArM2Bf9D7yb7_sbiMXQL2A&amp;oh=00_Af5ZXcFQ-337Ttql14N4PZsKdPrk3Stqtx0B4WnMlxnZLQ&amp;oe=69FA76E7&quot;,&quot;150&quot;:&quot;https:\\\/\\\/scontent.cdninstagram.com\\\/v\\\/t51.82787-15\\\/682175920_18432852988188612_4658706893196045742_n.jpg?stp=dst-jpg_e35_tt6&amp;_nc_cat=102&amp;ccb=7-5&amp;_nc_sid=18de74&amp;efg=eyJlZmdfdGFnIjoiQ0xJUFMuYmVzdF9pbWFnZV91cmxnZW4uQzMifQ%3D%3D&amp;_nc_ohc=YYE4Y8fJxDgQ7kNvwFLMCae&amp;_nc_oc=AdqCNLnG143u24XRQJRKmxqU_f-C45nUMTVQJkl-rlQJ5yrO_tVUbDZUX7FOncymF5I&amp;_nc_zt=23&amp;_nc_ht=scontent.cdninstagram.com&amp;edm=ANo9K5cEAAAA&amp;_nc_gid=8x6EVTY8t11JpKoycl6AHg&amp;_nc_tpa=Q5bMBQEIUAPiUT1l3OyMxJC-5qUcZWsde2sLfZzrFkZEjO9DfBms1VApAr-aArM2Bf9D7yb7_sbiMXQL2A&amp;oh=00_Af5ZXcFQ-337Ttql14N4PZsKdPrk3Stqtx0B4WnMlxnZLQ&amp;oe=69FA76E7&quot;,&quot;320&quot;:&quot;https:\\\/\\\/scontent.cdninstagram.com\\\/v\\\/t51.82787-15\\\/682175920_18432852988188612_4658706893196045742_n.jpg?stp=dst-jpg_e35_tt6&amp;_nc_cat=102&amp;ccb=7-5&amp;_nc_sid=18de74&amp;efg=eyJlZmdfdGFnIjoiQ0xJUFMuYmVzdF9pbWFnZV91cmxnZW4uQzMifQ%3D%3D&amp;_nc_ohc=YYE4Y8fJxDgQ7kNvwFLMCae&amp;_nc_oc=AdqCNLnG143u24XRQJRKmxqU_f-C45nUMTVQJkl-rlQJ5yrO_tVUbDZUX7FOncymF5I&amp;_nc_zt=23&amp;_nc_ht=scontent.cdninstagram.com&amp;edm=ANo9K5cEAAAA&amp;_nc_gid=8x6EVTY8t11JpKoycl6AHg&amp;_nc_tpa=Q5bMBQEIUAPiUT1l3OyMxJC-5qUcZWsde2sLfZzrFkZEjO9DfBms1VApAr-aArM2Bf9D7yb7_sbiMXQL2A&amp;oh=00_Af5ZXcFQ-337Ttql14N4PZsKdPrk3Stqtx0B4WnMlxnZLQ&amp;oe=69FA76E7&quot;,&quot;640&quot;:&quot;https:\\\/\\\/scontent.cdninstagram.com\\\/v\\\/t51.82787-15\\\/682175920_18432852988188612_4658706893196045742_n.jpg?stp=dst-jpg_e35_tt6&amp;_nc_cat=102&amp;ccb=7-5&amp;_nc_sid=18de74&amp;efg=eyJlZmdfdGFnIjoiQ0xJUFMuYmVzdF9pbWFnZV91cmxnZW4uQzMifQ%3D%3D&amp;_nc_ohc=YYE4Y8fJxDgQ7kNvwFLMCae&amp;_nc_oc=AdqCNLnG143u24XRQJRKmxqU_f-C45nUMTVQJkl-rlQJ5yrO_tVUbDZUX7FOncymF5I&amp;_nc_zt=23&amp;_nc_ht=scontent.cdninstagram.com&amp;edm=ANo9K5cEAAAA&amp;_nc_gid=8x6EVTY8t11JpKoycl6AHg&amp;_nc_tpa=Q5bMBQEIUAPiUT1l3OyMxJC-5qUcZWsde2sLfZzrFkZEjO9DfBms1VApAr-aArM2Bf9D7yb7_sbiMXQL2A&amp;oh=00_Af5ZXcFQ-337Ttql14N4PZsKdPrk3Stqtx0B4WnMlxnZLQ&amp;oe=69FA76E7&quot;}\">\n\t\t\t<span class=\"sbi-screenreader\">\u201cDemocracia, memoria y futuro: pilares del desar<\/span>\n\t\t\t\t\t\t<svg style=\"color: rgba(255,255,255,1)\" class=\"svg-inline--fa fa-play fa-w-14 sbi_playbtn\" aria-label=\"Play\" aria-hidden=\"true\" data-fa-processed=\"\" data-prefix=\"fa\" data-icon=\"play\" role=\"presentation\" xmlns=\"http:\/\/www.w3.org\/2000\/svg\" viewBox=\"0 0 448 512\"><path fill=\"currentColor\" d=\"M424.4 214.7L72.4 6.6C43.8-10.3 0 6.1 0 47.9V464c0 37.5 40.7 60.1 72.4 41.3l352-208c31.4-18.5 31.5-64.1 0-82.6z\"><\/path><\/svg>\t\t\t<img decoding=\"async\" src=\"https:\/\/christianasinelli.org\/wp-content\/plugins\/instagram-feed\/img\/placeholder.png\" alt=\"\u201cDemocracia, memoria y futuro: pilares del desarrollo en Am\u00e9rica Latina\u201d.\n\nA un mes de cumplirse 50 a\u00f1os del golpe de Estado de 1976 en Argentina, tuve el privilegio de moderar un panel que me deja muchas preguntas abiertas y una certeza: la democracia no se hereda, se ejerce.\n\nNos acompa\u00f1aron tres voces enormes para pensar este momento: Adolfo P\u00e9rez Esquivel, Premio Nobel de la Paz 1980, fundador del SERPAJ y referente hist\u00f3rico de los derechos humanos en nuestra regi\u00f3n; Marco Enr\u00edquez-Ominami, excandidato presidencial de Chile e impulsor del Grupo de Puebla; y Mar\u00eda Rosa Mui\u00f1os, Defensora del Pueblo de la Ciudad Aut\u00f3noma de Buenos Aires.\n\nConversamos sobre la paradoja que atraviesa a Am\u00e9rica Latina: una sociedad que respeta el funcionamiento de los sistemas democr\u00e1ticos pero desconf\u00eda de sus instituciones. Sobre c\u00f3mo se transforma una historia personal de resiliencia en reivindicaci\u00f3n colectiva. Sobre las reformas urgentes para que la democracia sea m\u00e1s justa, m\u00e1s inclusiva y m\u00e1s capaz de resolver los problemas cotidianos de la gente.\n\nDesde @agendacaf estamos convencidos de que no hay desarrollo posible sin instituciones democr\u00e1ticas s\u00f3lidas, ni sin una memoria activa que dialogue con el presente y proyecte el futuro.\n\nGracias Adolfo, Marco y Mar\u00eda Rosa por una conversaci\u00f3n necesaria. Y gracias a quienes se acercaron a escuchar: sin p\u00fablico, sin curiosidad, sin debate, no hay democracia.\" aria-hidden=\"true\">\n\t\t<\/a>\n\t<\/div>\n<\/div><div class=\"sbi_item sbi_type_video sbi_new sbi_transition\"\n\tid=\"sbi_17925670947273663\" data-date=\"1777233976\">\n\t<div class=\"sbi_photo_wrap\">\n\t\t<a class=\"sbi_photo\" href=\"https:\/\/www.instagram.com\/reel\/DXm4zcwCW6J\/\" target=\"_blank\" rel=\"noopener nofollow\"\n\t\t\tdata-full-res=\"https:\/\/scontent.cdninstagram.com\/v\/t51.71878-15\/683142989_2134935150690909_489075902244725695_n.jpg?stp=dst-jpg_e35_tt6&#038;_nc_cat=100&#038;ccb=7-5&#038;_nc_sid=18de74&#038;efg=eyJlZmdfdGFnIjoiQ0xJUFMuYmVzdF9pbWFnZV91cmxnZW4uQzMifQ%3D%3D&#038;_nc_ohc=GuWeulfnDPEQ7kNvwGLZ1Es&#038;_nc_oc=AdpWSDsSdx7zIFbzN2snDSjeH-XRW-2j9Yk4xLFtOREQzbM9YLdD-1q63MKUJn6UMrE&#038;_nc_zt=23&#038;_nc_ht=scontent.cdninstagram.com&#038;edm=ANo9K5cEAAAA&#038;_nc_gid=8x6EVTY8t11JpKoycl6AHg&#038;_nc_tpa=Q5bMBQEg3svEVD-sYz7jRIZJxEE1xMk36T1E1hBQjESEH1tB5DQvXEoKW4ZTu7a6STpFIsTJWkRKEcg9oA&#038;oh=00_Af5EUg2Jqp3fErW8TXIf1hYcd03kNw4mQxT3Y_x9itz8EA&#038;oe=69FA8E2A\"\n\t\t\tdata-img-src-set=\"{&quot;d&quot;:&quot;https:\\\/\\\/scontent.cdninstagram.com\\\/v\\\/t51.71878-15\\\/683142989_2134935150690909_489075902244725695_n.jpg?stp=dst-jpg_e35_tt6&amp;_nc_cat=100&amp;ccb=7-5&amp;_nc_sid=18de74&amp;efg=eyJlZmdfdGFnIjoiQ0xJUFMuYmVzdF9pbWFnZV91cmxnZW4uQzMifQ%3D%3D&amp;_nc_ohc=GuWeulfnDPEQ7kNvwGLZ1Es&amp;_nc_oc=AdpWSDsSdx7zIFbzN2snDSjeH-XRW-2j9Yk4xLFtOREQzbM9YLdD-1q63MKUJn6UMrE&amp;_nc_zt=23&amp;_nc_ht=scontent.cdninstagram.com&amp;edm=ANo9K5cEAAAA&amp;_nc_gid=8x6EVTY8t11JpKoycl6AHg&amp;_nc_tpa=Q5bMBQEg3svEVD-sYz7jRIZJxEE1xMk36T1E1hBQjESEH1tB5DQvXEoKW4ZTu7a6STpFIsTJWkRKEcg9oA&amp;oh=00_Af5EUg2Jqp3fErW8TXIf1hYcd03kNw4mQxT3Y_x9itz8EA&amp;oe=69FA8E2A&quot;,&quot;150&quot;:&quot;https:\\\/\\\/scontent.cdninstagram.com\\\/v\\\/t51.71878-15\\\/683142989_2134935150690909_489075902244725695_n.jpg?stp=dst-jpg_e35_tt6&amp;_nc_cat=100&amp;ccb=7-5&amp;_nc_sid=18de74&amp;efg=eyJlZmdfdGFnIjoiQ0xJUFMuYmVzdF9pbWFnZV91cmxnZW4uQzMifQ%3D%3D&amp;_nc_ohc=GuWeulfnDPEQ7kNvwGLZ1Es&amp;_nc_oc=AdpWSDsSdx7zIFbzN2snDSjeH-XRW-2j9Yk4xLFtOREQzbM9YLdD-1q63MKUJn6UMrE&amp;_nc_zt=23&amp;_nc_ht=scontent.cdninstagram.com&amp;edm=ANo9K5cEAAAA&amp;_nc_gid=8x6EVTY8t11JpKoycl6AHg&amp;_nc_tpa=Q5bMBQEg3svEVD-sYz7jRIZJxEE1xMk36T1E1hBQjESEH1tB5DQvXEoKW4ZTu7a6STpFIsTJWkRKEcg9oA&amp;oh=00_Af5EUg2Jqp3fErW8TXIf1hYcd03kNw4mQxT3Y_x9itz8EA&amp;oe=69FA8E2A&quot;,&quot;320&quot;:&quot;https:\\\/\\\/scontent.cdninstagram.com\\\/v\\\/t51.71878-15\\\/683142989_2134935150690909_489075902244725695_n.jpg?stp=dst-jpg_e35_tt6&amp;_nc_cat=100&amp;ccb=7-5&amp;_nc_sid=18de74&amp;efg=eyJlZmdfdGFnIjoiQ0xJUFMuYmVzdF9pbWFnZV91cmxnZW4uQzMifQ%3D%3D&amp;_nc_ohc=GuWeulfnDPEQ7kNvwGLZ1Es&amp;_nc_oc=AdpWSDsSdx7zIFbzN2snDSjeH-XRW-2j9Yk4xLFtOREQzbM9YLdD-1q63MKUJn6UMrE&amp;_nc_zt=23&amp;_nc_ht=scontent.cdninstagram.com&amp;edm=ANo9K5cEAAAA&amp;_nc_gid=8x6EVTY8t11JpKoycl6AHg&amp;_nc_tpa=Q5bMBQEg3svEVD-sYz7jRIZJxEE1xMk36T1E1hBQjESEH1tB5DQvXEoKW4ZTu7a6STpFIsTJWkRKEcg9oA&amp;oh=00_Af5EUg2Jqp3fErW8TXIf1hYcd03kNw4mQxT3Y_x9itz8EA&amp;oe=69FA8E2A&quot;,&quot;640&quot;:&quot;https:\\\/\\\/scontent.cdninstagram.com\\\/v\\\/t51.71878-15\\\/683142989_2134935150690909_489075902244725695_n.jpg?stp=dst-jpg_e35_tt6&amp;_nc_cat=100&amp;ccb=7-5&amp;_nc_sid=18de74&amp;efg=eyJlZmdfdGFnIjoiQ0xJUFMuYmVzdF9pbWFnZV91cmxnZW4uQzMifQ%3D%3D&amp;_nc_ohc=GuWeulfnDPEQ7kNvwGLZ1Es&amp;_nc_oc=AdpWSDsSdx7zIFbzN2snDSjeH-XRW-2j9Yk4xLFtOREQzbM9YLdD-1q63MKUJn6UMrE&amp;_nc_zt=23&amp;_nc_ht=scontent.cdninstagram.com&amp;edm=ANo9K5cEAAAA&amp;_nc_gid=8x6EVTY8t11JpKoycl6AHg&amp;_nc_tpa=Q5bMBQEg3svEVD-sYz7jRIZJxEE1xMk36T1E1hBQjESEH1tB5DQvXEoKW4ZTu7a6STpFIsTJWkRKEcg9oA&amp;oh=00_Af5EUg2Jqp3fErW8TXIf1hYcd03kNw4mQxT3Y_x9itz8EA&amp;oe=69FA8E2A&quot;}\">\n\t\t\t<span class=\"sbi-screenreader\">En la Feria Internacional del Libro de Buenos Aire<\/span>\n\t\t\t\t\t\t<svg style=\"color: rgba(255,255,255,1)\" class=\"svg-inline--fa fa-play fa-w-14 sbi_playbtn\" aria-label=\"Play\" aria-hidden=\"true\" data-fa-processed=\"\" data-prefix=\"fa\" data-icon=\"play\" role=\"presentation\" xmlns=\"http:\/\/www.w3.org\/2000\/svg\" viewBox=\"0 0 448 512\"><path fill=\"currentColor\" d=\"M424.4 214.7L72.4 6.6C43.8-10.3 0 6.1 0 47.9V464c0 37.5 40.7 60.1 72.4 41.3l352-208c31.4-18.5 31.5-64.1 0-82.6z\"><\/path><\/svg>\t\t\t<img decoding=\"async\" src=\"https:\/\/christianasinelli.org\/wp-content\/plugins\/instagram-feed\/img\/placeholder.png\" alt=\"En la Feria Internacional del Libro de Buenos Aires (@ferialibro_ba ), la cultura se vuelve motor de desarrollo.\n\nEn el panel \u201cMar\u00eda la Caprichosa: econom\u00edas creativas desde la diversidad\u201d pusimos en el centro una idea: las econom\u00edas creativas no son un sector accesorio, son una infraestructura estrat\u00e9gica de futuro. Producen valor econ\u00f3mico, pero tambi\u00e9n sentido, identidad y capacidad colectiva para imaginar otros mundos posibles.\n\nUn caso concreto: la historia de Mar\u00eda Roa Borja, lideresa sindical afrocolombiana cuya vida inspir\u00f3 la serie de Netflix. Una historia local que, narrada con potencia y dignidad, escal\u00f3 a plataformas globales y abri\u00f3 nuevas conversaciones sobre representaci\u00f3n, memoria y desarrollo. Junto a ella, Paula Moreno, presidenta de Manos Visibles y exministra de Cultura de Colombia; y Pablo Scholz, editor de Espect\u00e1culos de Clar\u00edn.\n\nY en ese mismo marco, un homenaje muy especial a Mario Vargas Llosa, a un a\u00f1o de su partida, organizado por la C\u00e1tedra Vargas Llosa. Las grandes voces no se apagan: se vuelven legado, conversaci\u00f3n y pregunta abierta. Y este es el lugar donde su palabra sigue circulando.\n\nCultura, memoria y creatividad para pensar el futuro.\" aria-hidden=\"true\">\n\t\t<\/a>\n\t<\/div>\n<\/div>\t<\/div>\n\n\t<div id=\"sbi_load\" >\n\n\t\t\t<button class=\"sbi_load_btn\"\n\t\t\ttype=\"button\" >\n\t\t\t<span class=\"sbi_btn_text\" >Cargar m\u00e1s<\/span>\n\t\t\t<span class=\"sbi_loader sbi_hidden\" style=\"background-color: rgb(255, 255, 255);\" aria-hidden=\"true\"><\/span>\n\t\t<\/button>\n\t\n\t\t\t<span class=\"sbi_follow_btn sbi_custom\" >\n\t\t\t<a target=\"_blank\"\n\t\t\t\trel=\"nofollow noopener\"  href=\"https:\/\/www.instagram.com\/chrisasinelli\/\" style=\"background: rgb(64,139,209);\">\n\t\t\t\t<svg class=\"svg-inline--fa fa-instagram fa-w-14\" aria-hidden=\"true\" data-fa-processed=\"\" aria-label=\"Instagram\" data-prefix=\"fab\" data-icon=\"instagram\" role=\"img\" viewBox=\"0 0 448 512\">\n                    <path fill=\"currentColor\" d=\"M224.1 141c-63.6 0-114.9 51.3-114.9 114.9s51.3 114.9 114.9 114.9S339 319.5 339 255.9 287.7 141 224.1 141zm0 189.6c-41.1 0-74.7-33.5-74.7-74.7s33.5-74.7 74.7-74.7 74.7 33.5 74.7 74.7-33.6 74.7-74.7 74.7zm146.4-194.3c0 14.9-12 26.8-26.8 26.8-14.9 0-26.8-12-26.8-26.8s12-26.8 26.8-26.8 26.8 12 26.8 26.8zm76.1 27.2c-1.7-35.9-9.9-67.7-36.2-93.9-26.2-26.2-58-34.4-93.9-36.2-37-2.1-147.9-2.1-184.9 0-35.8 1.7-67.6 9.9-93.9 36.1s-34.4 58-36.2 93.9c-2.1 37-2.1 147.9 0 184.9 1.7 35.9 9.9 67.7 36.2 93.9s58 34.4 93.9 36.2c37 2.1 147.9 2.1 184.9 0 35.9-1.7 67.7-9.9 93.9-36.2 26.2-26.2 34.4-58 36.2-93.9 2.1-37 2.1-147.8 0-184.8zM398.8 388c-7.8 19.6-22.9 34.7-42.6 42.6-29.5 11.7-99.5 9-132.1 9s-102.7 2.6-132.1-9c-19.6-7.8-34.7-22.9-42.6-42.6-11.7-29.5-9-99.5-9-132.1s-2.6-102.7 9-132.1c7.8-19.6 22.9-34.7 42.6-42.6 29.5-11.7 99.5-9 132.1-9s102.7-2.6 132.1 9c19.6 7.8 34.7 22.9 42.6 42.6 11.7 29.5 9 99.5 9 132.1s2.7 102.7-9 132.1z\"><\/path>\n                <\/svg>\t\t\t\t<span>Seguir en Instagram<\/span>\n\t\t\t<\/a>\n\t\t<\/span>\n\t\n<\/div>\n\t\t<span class=\"sbi_resized_image_data\" data-feed-id=\"*1\"\n\t\t  data-resized=\"{&quot;17925670947273663&quot;:{&quot;id&quot;:&quot;683142989_2134935150690909_489075902244725695_n&quot;,&quot;ratio&quot;:&quot;0.56&quot;,&quot;sizes&quot;:{&quot;full&quot;:640,&quot;low&quot;:320,&quot;thumb&quot;:150},&quot;extension&quot;:&quot;.webp&quot;},&quot;18315113131262411&quot;:{&quot;id&quot;:&quot;682175920_18432852988188612_4658706893196045742_n&quot;,&quot;ratio&quot;:&quot;0.56&quot;,&quot;sizes&quot;:{&quot;full&quot;:640,&quot;low&quot;:320,&quot;thumb&quot;:150},&quot;extension&quot;:&quot;.webp&quot;},&quot;18019014509669144&quot;:{&quot;id&quot;:&quot;682126338_18432950893188612_4205173184361707743_n&quot;,&quot;ratio&quot;:&quot;1.00&quot;,&quot;sizes&quot;:{&quot;full&quot;:640,&quot;low&quot;:320,&quot;thumb&quot;:150},&quot;extension&quot;:&quot;.webp&quot;},&quot;17984808959816318&quot;:{&quot;id&quot;:&quot;675515777_3079896112220919_1076711021025548179_n&quot;,&quot;ratio&quot;:&quot;0.56&quot;,&quot;sizes&quot;:{&quot;full&quot;:640,&quot;low&quot;:320,&quot;thumb&quot;:150},&quot;extension&quot;:&quot;.webp&quot;},&quot;18152753311416362&quot;:{&quot;id&quot;:&quot;683521175_1538573731232861_7917895838958882612_n&quot;,&quot;ratio&quot;:&quot;0.56&quot;,&quot;sizes&quot;:{&quot;full&quot;:640,&quot;low&quot;:320,&quot;thumb&quot;:150},&quot;extension&quot;:&quot;.webp&quot;},&quot;18151981915415609&quot;:{&quot;id&quot;:&quot;683930479_1603646434028985_9202905509373382917_n&quot;,&quot;ratio&quot;:&quot;0.56&quot;,&quot;sizes&quot;:{&quot;full&quot;:640,&quot;low&quot;:320,&quot;thumb&quot;:150},&quot;extension&quot;:&quot;.webp&quot;},&quot;18098293196040449&quot;:{&quot;id&quot;:&quot;681995317_1707272963963876_3532246968977531825_n&quot;,&quot;ratio&quot;:&quot;0.56&quot;,&quot;sizes&quot;:{&quot;full&quot;:640,&quot;low&quot;:320,&quot;thumb&quot;:150},&quot;extension&quot;:&quot;.webp&quot;},&quot;17994372245950846&quot;:{&quot;id&quot;:&quot;685226434_18433417528188612_4202778414520778926_n&quot;,&quot;ratio&quot;:&quot;1.00&quot;,&quot;sizes&quot;:{&quot;full&quot;:640,&quot;low&quot;:320,&quot;thumb&quot;:150},&quot;extension&quot;:&quot;.webp&quot;}}\">\n\t<\/span>\n\t<\/div>\n\n[\/et_pb_code][\/et_pb_column][\/et_pb_row][\/et_pb_section][et_pb_section fb_built=\u00bb1&#8243; _builder_version=\u00bb4.27.4&#8243; background_color=\u00bb#161616&#8243; global_module=\u00bb392&#8243; saved_tabs=\u00bball\u00bb global_colors_info=\u00bb{}\u00bb][et_pb_row column_structure=\u00bb1_3,1_3,1_3&#8243; use_custom_gutter=\u00bbon\u00bb gutter_width=\u00bb2&#8243; _builder_version=\u00bb4.16&#8243; width=\u00bb90%\u00bb max_width=\u00bb2557px\u00bb module_alignment=\u00bbcenter\u00bb custom_margin=\u00bb||||false|false\u00bb custom_padding=\u00bb||||false|false\u00bb global_colors_info=\u00bb{}\u00bb][et_pb_column type=\u00bb1_3&#8243; _builder_version=\u00bb4.16&#8243; global_colors_info=\u00bb{}\u00bb][et_pb_text _builder_version=\u00bb4.27.4&#8243; _module_preset=\u00bbdefault\u00bb text_font=\u00bb|700|||||||\u00bb text_text_color=\u00bb#FFFFFF\u00bb text_font_size=\u00bb26px\u00bb global_colors_info=\u00bb{}\u00bb]<\/p>\n<p>Christian Asinelli<\/p>\n<p>[\/et_pb_text][et_pb_social_media_follow icon_color=\u00bb#ffffff\u00bb _builder_version=\u00bb4.27.4&#8243; text_orientation=\u00bbleft\u00bb custom_margin=\u00bb||||false|false\u00bb filter_saturate=\u00bb33%\u00bb animation_style=\u00bbfade\u00bb global_colors_info=\u00bb{}\u00bb][et_pb_social_media_follow_network social_network=\u00bbfacebook\u00bb url=\u00bbhttps:\/\/www.facebook.com\/Chrisasinelli\/\u00bb _builder_version=\u00bb4.27.4&#8243; background_color=\u00bb#3b5998&#8243; global_colors_info=\u00bb{}\u00bb follow_button=\u00bboff\u00bb url_new_window=\u00bbon\u00bb]facebook[\/et_pb_social_media_follow_network][et_pb_social_media_follow_network social_network=\u00bbtwitter\u00bb url=\u00bbhttps:\/\/twitter.com\/chrisasinelli?lang=es\u00bb _builder_version=\u00bb4.22.2&#8243; background_color=\u00bb#000000&#8243; global_colors_info=\u00bb{}\u00bb follow_button=\u00bboff\u00bb url_new_window=\u00bbon\u00bb]twitter[\/et_pb_social_media_follow_network][et_pb_social_media_follow_network social_network=\u00bblinkedin\u00bb url=\u00bbhttps:\/\/www.linkedin.com\/in\/christian-asinelli\/\u00bb _builder_version=\u00bb4.16&#8243; background_color=\u00bb#007bb6&#8243; global_colors_info=\u00bb{}\u00bb follow_button=\u00bboff\u00bb url_new_window=\u00bbon\u00bb]linkedin[\/et_pb_social_media_follow_network][et_pb_social_media_follow_network social_network=\u00bbinstagram\u00bb url=\u00bbhttps:\/\/www.instagram.com\/chrisasinelli\/\u00bb _builder_version=\u00bb4.16&#8243; background_color=\u00bb#ea2c59&#8243; global_colors_info=\u00bb{}\u00bb follow_button=\u00bboff\u00bb url_new_window=\u00bbon\u00bb]instagram[\/et_pb_social_media_follow_network][\/et_pb_social_media_follow][\/et_pb_column][et_pb_column type=\u00bb1_3&#8243; _builder_version=\u00bb4.16&#8243; global_colors_info=\u00bb{}\u00bb][et_pb_signup mailchimp_list=\u00bbSlavaET|03dac884f0&#8243; first_name_field=\u00bboff\u00bb last_name_field=\u00bboff\u00bb title=\u00bbSuscribir al Newsletter\u00bb description=\u00bb<\/p>\n<p>Para recibir informacion de todas las actividades y presentaciones.<\/p>\n<p>\u00bb _builder_version=\u00bb4.27.4&#8243; header_font=\u00bbAbhaya Libre|700|||||||\u00bb header_font_size=\u00bb26px\u00bb header_line_height=\u00bb1.6em\u00bb body_font=\u00bb||||||||\u00bb body_font_size=\u00bb12px\u00bb body_line_height=\u00bb1.8em\u00bb use_background_color=\u00bboff\u00bb custom_button=\u00bbon\u00bb button_text_size=\u00bb14px\u00bb button_text_color=\u00bb#ffffff\u00bb button_bg_color=\u00bb#94a6bf\u00bb button_border_width=\u00bb8px\u00bb button_border_color=\u00bb#94a6bf\u00bb button_letter_spacing=\u00bb2px\u00bb button_font=\u00bbNunito|700||on|||||\u00bb button_use_icon=\u00bboff\u00bb custom_padding=\u00bb|||\u00bb animation_style=\u00bbfade\u00bb global_colors_info=\u00bb{}\u00bb button_text_size__hover_enabled=\u00bboff\u00bb button_one_text_size__hover_enabled=\u00bboff\u00bb button_two_text_size__hover_enabled=\u00bboff\u00bb button_text_color__hover_enabled=\u00bboff\u00bb button_one_text_color__hover_enabled=\u00bboff\u00bb button_two_text_color__hover_enabled=\u00bboff\u00bb button_border_width__hover_enabled=\u00bboff\u00bb button_one_border_width__hover_enabled=\u00bboff\u00bb button_two_border_width__hover_enabled=\u00bboff\u00bb button_border_color__hover_enabled=\u00bboff\u00bb button_one_border_color__hover_enabled=\u00bboff\u00bb button_two_border_color__hover_enabled=\u00bboff\u00bb button_border_radius__hover_enabled=\u00bboff\u00bb button_one_border_radius__hover_enabled=\u00bboff\u00bb button_two_border_radius__hover_enabled=\u00bboff\u00bb button_letter_spacing__hover_enabled=\u00bboff\u00bb button_one_letter_spacing__hover_enabled=\u00bboff\u00bb button_two_letter_spacing__hover_enabled=\u00bboff\u00bb button_bg_color__hover_enabled=\u00bboff\u00bb button_one_bg_color__hover_enabled=\u00bboff\u00bb button_two_bg_color__hover_enabled=\u00bboff\u00bb]Curabitur ultricies blandit nisi ut convallis. Integer in augue feugiat  laoreet risus. Etiam tempus lorem luctus hendrerit.[\/et_pb_signup][\/et_pb_column][et_pb_column type=\u00bb1_3&#8243; _builder_version=\u00bb4.16&#8243; global_colors_info=\u00bb{}\u00bb][et_pb_contact_form email=\u00bbasinellichristian@gmail.com\u00bb _builder_version=\u00bb4.27.4&#8243; _unique_id=\u00bb5046639d-670a-4bd5-8ba2-265d0399a814&#8243; custom_button=\u00bbon\u00bb custom_margin=\u00bb||||false|false\u00bb global_colors_info=\u00bb{}\u00bb][et_pb_contact_field field_id=\u00bbName\u00bb field_title=\u00bbNombre\u00bb _builder_version=\u00bb4.16&#8243; global_colors_info=\u00bb{}\u00bb button_text_size__hover_enabled=\u00bboff\u00bb button_one_text_size__hover_enabled=\u00bboff\u00bb button_two_text_size__hover_enabled=\u00bboff\u00bb button_text_color__hover_enabled=\u00bboff\u00bb button_one_text_color__hover_enabled=\u00bboff\u00bb button_two_text_color__hover_enabled=\u00bboff\u00bb button_border_width__hover_enabled=\u00bboff\u00bb button_one_border_width__hover_enabled=\u00bboff\u00bb button_two_border_width__hover_enabled=\u00bboff\u00bb button_border_color__hover_enabled=\u00bboff\u00bb button_one_border_color__hover_enabled=\u00bboff\u00bb button_two_border_color__hover_enabled=\u00bboff\u00bb button_border_radius__hover_enabled=\u00bboff\u00bb button_one_border_radius__hover_enabled=\u00bboff\u00bb button_two_border_radius__hover_enabled=\u00bboff\u00bb button_letter_spacing__hover_enabled=\u00bboff\u00bb button_one_letter_spacing__hover_enabled=\u00bboff\u00bb button_two_letter_spacing__hover_enabled=\u00bboff\u00bb button_bg_color__hover_enabled=\u00bboff\u00bb button_one_bg_color__hover_enabled=\u00bboff\u00bb button_two_bg_color__hover_enabled=\u00bboff\u00bb][\/et_pb_contact_field][et_pb_contact_field field_id=\u00bbEmail\u00bb field_title=\u00bbDirecci\u00f3n de correo electr\u00f3nico\u00bb field_type=\u00bbemail\u00bb _builder_version=\u00bb4.16&#8243; global_colors_info=\u00bb{}\u00bb button_text_size__hover_enabled=\u00bboff\u00bb button_one_text_size__hover_enabled=\u00bboff\u00bb button_two_text_size__hover_enabled=\u00bboff\u00bb button_text_color__hover_enabled=\u00bboff\u00bb button_one_text_color__hover_enabled=\u00bboff\u00bb button_two_text_color__hover_enabled=\u00bboff\u00bb button_border_width__hover_enabled=\u00bboff\u00bb button_one_border_width__hover_enabled=\u00bboff\u00bb button_two_border_width__hover_enabled=\u00bboff\u00bb button_border_color__hover_enabled=\u00bboff\u00bb button_one_border_color__hover_enabled=\u00bboff\u00bb button_two_border_color__hover_enabled=\u00bboff\u00bb button_border_radius__hover_enabled=\u00bboff\u00bb button_one_border_radius__hover_enabled=\u00bboff\u00bb button_two_border_radius__hover_enabled=\u00bboff\u00bb button_letter_spacing__hover_enabled=\u00bboff\u00bb button_one_letter_spacing__hover_enabled=\u00bboff\u00bb button_two_letter_spacing__hover_enabled=\u00bboff\u00bb button_bg_color__hover_enabled=\u00bboff\u00bb button_one_bg_color__hover_enabled=\u00bboff\u00bb button_two_bg_color__hover_enabled=\u00bboff\u00bb][\/et_pb_contact_field][et_pb_contact_field field_id=\u00bbMessage\u00bb field_title=\u00bbMensaje\u00bb field_type=\u00bbtext\u00bb fullwidth_field=\u00bbon\u00bb _builder_version=\u00bb4.16&#8243; global_colors_info=\u00bb{}\u00bb button_text_size__hover_enabled=\u00bboff\u00bb button_one_text_size__hover_enabled=\u00bboff\u00bb button_two_text_size__hover_enabled=\u00bboff\u00bb button_text_color__hover_enabled=\u00bboff\u00bb button_one_text_color__hover_enabled=\u00bboff\u00bb button_two_text_color__hover_enabled=\u00bboff\u00bb button_border_width__hover_enabled=\u00bboff\u00bb button_one_border_width__hover_enabled=\u00bboff\u00bb button_two_border_width__hover_enabled=\u00bboff\u00bb button_border_color__hover_enabled=\u00bboff\u00bb button_one_border_color__hover_enabled=\u00bboff\u00bb button_two_border_color__hover_enabled=\u00bboff\u00bb button_border_radius__hover_enabled=\u00bboff\u00bb button_one_border_radius__hover_enabled=\u00bboff\u00bb button_two_border_radius__hover_enabled=\u00bboff\u00bb button_letter_spacing__hover_enabled=\u00bboff\u00bb button_one_letter_spacing__hover_enabled=\u00bboff\u00bb button_two_letter_spacing__hover_enabled=\u00bboff\u00bb button_bg_color__hover_enabled=\u00bboff\u00bb button_one_bg_color__hover_enabled=\u00bboff\u00bb button_two_bg_color__hover_enabled=\u00bboff\u00bb][\/et_pb_contact_field][\/et_pb_contact_form][\/et_pb_column][\/et_pb_row][\/et_pb_section]<\/p>\n","protected":false},"excerpt":{"rendered":"<p>&nbsp; &nbsp;Claves para el desarrollo de Am\u00e9rica Latina y el Caribe &nbsp; \u00bfQu\u00e9 necesita Am\u00e9rica Latina y el Caribe para cerrar definitivamente sus brechas y crecer de manera equitativa? \u00bfC\u00f3mo puede la regi\u00f3n aprovechar todo su potencial para convertirse en un actor central en el escenario global? \u00bfCu\u00e1les son las claves para el desarrollo de [&hellip;]<\/p>\n","protected":false},"author":1,"featured_media":120,"parent":0,"menu_order":0,"comment_status":"closed","ping_status":"open","template":"","meta":{"_et_pb_use_builder":"on","_et_pb_old_content":"<!-- wp:paragraph -->\r\n<p>This is an example page. It's different from a blog post because it will stay in one place and will show up in your site navigation (in most themes). Most people start with an About page that introduces them to potential site visitors. It might say something like this:<\/p>\r\n<!-- \/wp:paragraph -->\r\n\r\n<!-- wp:quote -->\r\n<blockquote class=\"wp-block-quote\"><p>Hi there! I'm a bike messenger by day, aspiring actor by night, and this is my website. I live in Los Angeles, have a great dog named Jack, and I like pi\u00f1a coladas. (And gettin' caught in the rain.)<\/p><\/blockquote>\r\n<!-- \/wp:quote -->\r\n\r\n<!-- wp:paragraph -->\r\n<p>...or something like this:<\/p>\r\n<!-- \/wp:paragraph -->\r\n\r\n<!-- wp:quote -->\r\n<blockquote class=\"wp-block-quote\"><p>The XYZ Doohickey Company was founded in 1971, and has been providing quality doohickeys to the public ever since. Located in Gotham City, XYZ employs over 2,000 people and does all kinds of awesome things for the Gotham community.<\/p><\/blockquote>\r\n<!-- \/wp:quote -->\r\n\r\n<!-- wp:paragraph -->\r\n<p>As a new WordPress user, you should go to <a href=\"https:\/\/christianasinelli.org\/wp-admin\/\">your dashboard<\/a> to delete this page and create new pages for your content. Have fun!<\/p>\r\n<!-- \/wp:paragraph -->","_et_gb_content_width":"","footnotes":""},"class_list":["post-2","page","type-page","status-publish","has-post-thumbnail","hentry"],"yoast_head":"<!-- This site is optimized with the Yoast SEO plugin v24.6 - https:\/\/yoast.com\/wordpress\/plugins\/seo\/ -->\n<title>Home - Christian Gonzalo Asinelli<\/title>\n<meta name=\"robots\" content=\"index, follow, max-snippet:-1, max-image-preview:large, max-video-preview:-1\" \/>\n<link rel=\"canonical\" href=\"https:\/\/christianasinelli.org\/\" \/>\n<meta property=\"og:locale\" content=\"es_ES\" \/>\n<meta property=\"og:type\" content=\"article\" \/>\n<meta property=\"og:title\" content=\"Home - Christian Gonzalo Asinelli\" \/>\n<meta property=\"og:description\" content=\"&nbsp; &nbsp;Claves para el desarrollo de Am\u00e9rica Latina y el Caribe &nbsp; \u00bfQu\u00e9 necesita Am\u00e9rica Latina y el Caribe para cerrar definitivamente sus brechas y crecer de manera equitativa? \u00bfC\u00f3mo puede la regi\u00f3n aprovechar todo su potencial para convertirse en un actor central en el escenario global? \u00bfCu\u00e1les son las claves para el desarrollo de [&hellip;]\" \/>\n<meta property=\"og:url\" content=\"https:\/\/christianasinelli.org\/\" \/>\n<meta property=\"og:site_name\" content=\"Christian Gonzalo Asinelli\" \/>\n<meta property=\"article:modified_time\" content=\"2025-05-01T03:00:22+00:00\" \/>\n<meta property=\"og:image\" content=\"https:\/\/christianasinelli.org\/wp-content\/uploads\/2021\/06\/cropped-WhatsApp-Image-2021-06-14-at-16.25.08-e1623719818769.jpeg\" \/>\n\t<meta property=\"og:image:width\" content=\"512\" \/>\n\t<meta property=\"og:image:height\" content=\"512\" \/>\n\t<meta property=\"og:image:type\" content=\"image\/jpeg\" \/>\n<meta name=\"twitter:card\" content=\"summary_large_image\" \/>\n<meta name=\"twitter:label1\" content=\"Tiempo de lectura\" \/>\n\t<meta name=\"twitter:data1\" content=\"6 minutos\" \/>\n<script type=\"application\/ld+json\" class=\"yoast-schema-graph\">{\"@context\":\"https:\/\/schema.org\",\"@graph\":[{\"@type\":\"WebPage\",\"@id\":\"https:\/\/christianasinelli.org\/\",\"url\":\"https:\/\/christianasinelli.org\/\",\"name\":\"Home - Christian Gonzalo Asinelli\",\"isPartOf\":{\"@id\":\"https:\/\/christianasinelli.org\/#website\"},\"primaryImageOfPage\":{\"@id\":\"https:\/\/christianasinelli.org\/#primaryimage\"},\"image\":{\"@id\":\"https:\/\/christianasinelli.org\/#primaryimage\"},\"thumbnailUrl\":\"https:\/\/christianasinelli.org\/wp-content\/uploads\/2021\/06\/cropped-WhatsApp-Image-2021-06-14-at-16.25.08-e1623719818769.jpeg\",\"datePublished\":\"2019-08-30T19:57:32+00:00\",\"dateModified\":\"2025-05-01T03:00:22+00:00\",\"breadcrumb\":{\"@id\":\"https:\/\/christianasinelli.org\/#breadcrumb\"},\"inLanguage\":\"es\",\"potentialAction\":[{\"@type\":\"ReadAction\",\"target\":[\"https:\/\/christianasinelli.org\/\"]}]},{\"@type\":\"ImageObject\",\"inLanguage\":\"es\",\"@id\":\"https:\/\/christianasinelli.org\/#primaryimage\",\"url\":\"https:\/\/christianasinelli.org\/wp-content\/uploads\/2021\/06\/cropped-WhatsApp-Image-2021-06-14-at-16.25.08-e1623719818769.jpeg\",\"contentUrl\":\"https:\/\/christianasinelli.org\/wp-content\/uploads\/2021\/06\/cropped-WhatsApp-Image-2021-06-14-at-16.25.08-e1623719818769.jpeg\",\"width\":512,\"height\":512},{\"@type\":\"BreadcrumbList\",\"@id\":\"https:\/\/christianasinelli.org\/#breadcrumb\",\"itemListElement\":[{\"@type\":\"ListItem\",\"position\":1,\"name\":\"Portada\",\"item\":\"https:\/\/christianasinelli.org\/\"},{\"@type\":\"ListItem\",\"position\":2,\"name\":\"Home\"}]},{\"@type\":\"WebSite\",\"@id\":\"https:\/\/christianasinelli.org\/#website\",\"url\":\"https:\/\/christianasinelli.org\/\",\"name\":\"Christian Gonzalo Asinelli\",\"description\":\"Subsecretario de Relaciones Financiera Internacionales para el Desarrollo\",\"potentialAction\":[{\"@type\":\"SearchAction\",\"target\":{\"@type\":\"EntryPoint\",\"urlTemplate\":\"https:\/\/christianasinelli.org\/?s={search_term_string}\"},\"query-input\":{\"@type\":\"PropertyValueSpecification\",\"valueRequired\":true,\"valueName\":\"search_term_string\"}}],\"inLanguage\":\"es\"}]}<\/script>\n<!-- \/ Yoast SEO plugin. -->","yoast_head_json":{"title":"Home - Christian Gonzalo Asinelli","robots":{"index":"index","follow":"follow","max-snippet":"max-snippet:-1","max-image-preview":"max-image-preview:large","max-video-preview":"max-video-preview:-1"},"canonical":"https:\/\/christianasinelli.org\/","og_locale":"es_ES","og_type":"article","og_title":"Home - Christian Gonzalo Asinelli","og_description":"&nbsp; &nbsp;Claves para el desarrollo de Am\u00e9rica Latina y el Caribe &nbsp; \u00bfQu\u00e9 necesita Am\u00e9rica Latina y el Caribe para cerrar definitivamente sus brechas y crecer de manera equitativa? \u00bfC\u00f3mo puede la regi\u00f3n aprovechar todo su potencial para convertirse en un actor central en el escenario global? \u00bfCu\u00e1les son las claves para el desarrollo de [&hellip;]","og_url":"https:\/\/christianasinelli.org\/","og_site_name":"Christian Gonzalo Asinelli","article_modified_time":"2025-05-01T03:00:22+00:00","og_image":[{"width":512,"height":512,"url":"https:\/\/christianasinelli.org\/wp-content\/uploads\/2021\/06\/cropped-WhatsApp-Image-2021-06-14-at-16.25.08-e1623719818769.jpeg","type":"image\/jpeg"}],"twitter_card":"summary_large_image","twitter_misc":{"Tiempo de lectura":"6 minutos"},"schema":{"@context":"https:\/\/schema.org","@graph":[{"@type":"WebPage","@id":"https:\/\/christianasinelli.org\/","url":"https:\/\/christianasinelli.org\/","name":"Home - Christian Gonzalo Asinelli","isPartOf":{"@id":"https:\/\/christianasinelli.org\/#website"},"primaryImageOfPage":{"@id":"https:\/\/christianasinelli.org\/#primaryimage"},"image":{"@id":"https:\/\/christianasinelli.org\/#primaryimage"},"thumbnailUrl":"https:\/\/christianasinelli.org\/wp-content\/uploads\/2021\/06\/cropped-WhatsApp-Image-2021-06-14-at-16.25.08-e1623719818769.jpeg","datePublished":"2019-08-30T19:57:32+00:00","dateModified":"2025-05-01T03:00:22+00:00","breadcrumb":{"@id":"https:\/\/christianasinelli.org\/#breadcrumb"},"inLanguage":"es","potentialAction":[{"@type":"ReadAction","target":["https:\/\/christianasinelli.org\/"]}]},{"@type":"ImageObject","inLanguage":"es","@id":"https:\/\/christianasinelli.org\/#primaryimage","url":"https:\/\/christianasinelli.org\/wp-content\/uploads\/2021\/06\/cropped-WhatsApp-Image-2021-06-14-at-16.25.08-e1623719818769.jpeg","contentUrl":"https:\/\/christianasinelli.org\/wp-content\/uploads\/2021\/06\/cropped-WhatsApp-Image-2021-06-14-at-16.25.08-e1623719818769.jpeg","width":512,"height":512},{"@type":"BreadcrumbList","@id":"https:\/\/christianasinelli.org\/#breadcrumb","itemListElement":[{"@type":"ListItem","position":1,"name":"Portada","item":"https:\/\/christianasinelli.org\/"},{"@type":"ListItem","position":2,"name":"Home"}]},{"@type":"WebSite","@id":"https:\/\/christianasinelli.org\/#website","url":"https:\/\/christianasinelli.org\/","name":"Christian Gonzalo Asinelli","description":"Subsecretario de Relaciones Financiera Internacionales para el Desarrollo","potentialAction":[{"@type":"SearchAction","target":{"@type":"EntryPoint","urlTemplate":"https:\/\/christianasinelli.org\/?s={search_term_string}"},"query-input":{"@type":"PropertyValueSpecification","valueRequired":true,"valueName":"search_term_string"}}],"inLanguage":"es"}]}},"_links":{"self":[{"href":"https:\/\/christianasinelli.org\/index.php\/wp-json\/wp\/v2\/pages\/2","targetHints":{"allow":["GET"]}}],"collection":[{"href":"https:\/\/christianasinelli.org\/index.php\/wp-json\/wp\/v2\/pages"}],"about":[{"href":"https:\/\/christianasinelli.org\/index.php\/wp-json\/wp\/v2\/types\/page"}],"author":[{"embeddable":true,"href":"https:\/\/christianasinelli.org\/index.php\/wp-json\/wp\/v2\/users\/1"}],"replies":[{"embeddable":true,"href":"https:\/\/christianasinelli.org\/index.php\/wp-json\/wp\/v2\/comments?post=2"}],"version-history":[{"count":115,"href":"https:\/\/christianasinelli.org\/index.php\/wp-json\/wp\/v2\/pages\/2\/revisions"}],"predecessor-version":[{"id":703,"href":"https:\/\/christianasinelli.org\/index.php\/wp-json\/wp\/v2\/pages\/2\/revisions\/703"}],"wp:featuredmedia":[{"embeddable":true,"href":"https:\/\/christianasinelli.org\/index.php\/wp-json\/wp\/v2\/media\/120"}],"wp:attachment":[{"href":"https:\/\/christianasinelli.org\/index.php\/wp-json\/wp\/v2\/media?parent=2"}],"curies":[{"name":"wp","href":"https:\/\/api.w.org\/{rel}","templated":true}]}}